{"id":17,"date":"2021-10-14T23:44:01","date_gmt":"2021-10-15T02:44:01","guid":{"rendered":"https:\/\/www.multideco.cl\/?page_id=17"},"modified":"2026-07-21T01:37:26","modified_gmt":"2026-07-21T05:37:26","slug":"elementor-17","status":"publish","type":"page","link":"https:\/\/www.multideco.cl\/","title":{"rendered":"Inicio"},"content":{"rendered":"\t\t<div data-elementor-type=\"wp-page\" data-elementor-id=\"17\" class=\"elementor elementor-17\" data-elementor-settings=\"[]\">\n\t\t\t\t\t\t\t<div class=\"elementor-section-wrap\">\n\t\t\t\t\t\t\t<section class=\"elementor-section elementor-top-section elementor-element elementor-element-b7261c8 elementor-section-stretched elementor-section-full_width elementor-section-height-default elementor-section-height-default\" data-id=\"b7261c8\" data-element_type=\"section\" data-settings=\"{&quot;stretch_section&quot;:&quot;section-stretched&quot;}\">\n\t\t\t\t\t\t<div class=\"elementor-container elementor-column-gap-default\">\n\t\t\t\t\t<div class=\"elementor-column elementor-col-100 elementor-top-column elementor-element elementor-element-776d4ed\" data-id=\"776d4ed\" data-element_type=\"column\">\n\t\t\t<div class=\"elementor-widget-wrap elementor-element-populated\">\n\t\t\t\t\t\t\t\t<div class=\"elementor-element elementor-element-d633b34 elementor-hidden-tablet elementor-hidden-mobile elementor-widget elementor-widget-image\" data-id=\"d633b34\" data-element_type=\"widget\" data-widget_type=\"image.default\">\n\t\t\t\t<div class=\"elementor-widget-container\">\n\t\t\t<style>\/*! elementor - v3.5.5 - 03-02-2022 *\/\n.elementor-widget-image{text-align:center}.elementor-widget-image a{display:inline-block}.elementor-widget-image a img[src$=\".svg\"]{width:48px}.elementor-widget-image img{vertical-align:middle;display:inline-block}<\/style>\t\t\t\t\t\t\t\t\t\t\t\t<img loading=\"lazy\" decoding=\"async\" width=\"2000\" height=\"600\" src=\"https:\/\/www.multideco.cl\/wp-content\/uploads\/2022\/10\/nueva-coleccion-mesas-laterales-1.jpg\" class=\"attachment-full size-full\" alt=\"\" srcset=\"https:\/\/www.multideco.cl\/wp-content\/uploads\/2022\/10\/nueva-coleccion-mesas-laterales-1.jpg 2000w, https:\/\/www.multideco.cl\/wp-content\/uploads\/2022\/10\/nueva-coleccion-mesas-laterales-1-420x126.jpg 420w, https:\/\/www.multideco.cl\/wp-content\/uploads\/2022\/10\/nueva-coleccion-mesas-laterales-1-800x240.jpg 800w, https:\/\/www.multideco.cl\/wp-content\/uploads\/2022\/10\/nueva-coleccion-mesas-laterales-1-300x90.jpg 300w, https:\/\/www.multideco.cl\/wp-content\/uploads\/2022\/10\/nueva-coleccion-mesas-laterales-1-1000x300.jpg 1000w, https:\/\/www.multideco.cl\/wp-content\/uploads\/2022\/10\/nueva-coleccion-mesas-laterales-1-768x230.jpg 768w, https:\/\/www.multideco.cl\/wp-content\/uploads\/2022\/10\/nueva-coleccion-mesas-laterales-1-1536x461.jpg 1536w, https:\/\/www.multideco.cl\/wp-content\/uploads\/2022\/10\/nueva-coleccion-mesas-laterales-1-1320x396.jpg 1320w\" sizes=\"auto, (max-width: 2000px) 100vw, 2000px\" \/>\t\t\t\t\t\t\t\t\t\t\t\t\t\t\t<\/div>\n\t\t\t\t<\/div>\n\t\t\t\t<div class=\"elementor-element elementor-element-3688b9d elementor-hidden-desktop elementor--h-position-center elementor--v-position-middle elementor-arrows-position-inside elementor-pagination-position-inside elementor-widget elementor-widget-slides\" data-id=\"3688b9d\" data-element_type=\"widget\" data-settings=\"{&quot;navigation&quot;:&quot;both&quot;,&quot;autoplay&quot;:&quot;yes&quot;,&quot;pause_on_hover&quot;:&quot;yes&quot;,&quot;pause_on_interaction&quot;:&quot;yes&quot;,&quot;autoplay_speed&quot;:5000,&quot;infinite&quot;:&quot;yes&quot;,&quot;transition&quot;:&quot;slide&quot;,&quot;transition_speed&quot;:500}\" data-widget_type=\"slides.default\">\n\t\t\t\t<div class=\"elementor-widget-container\">\n\t\t\t<style>\/*! elementor-pro - v3.6.2 - 14-02-2022 *\/\n.elementor-slides .swiper-slide-bg{background-size:cover;background-position:50%;background-repeat:no-repeat;min-width:100%;min-height:100%}.elementor-slides .swiper-slide-inner{background-repeat:no-repeat;background-position:50%;position:absolute;top:0;left:0;bottom:0;right:0;padding:50px;margin:auto}.elementor-slides .swiper-slide-inner,.elementor-slides .swiper-slide-inner:hover{color:#fff;display:-webkit-box;display:-ms-flexbox;display:flex}.elementor-slides .swiper-slide-inner .elementor-background-overlay{position:absolute;z-index:0;top:0;bottom:0;left:0;right:0}.elementor-slides .swiper-slide-inner .elementor-slide-content{position:relative;z-index:1;width:100%}.elementor-slides .swiper-slide-inner .elementor-slide-heading{font-size:35px;font-weight:700;line-height:1}.elementor-slides .swiper-slide-inner .elementor-slide-description{font-size:17px;line-height:1.4}.elementor-slides .swiper-slide-inner .elementor-slide-description:not(:last-child),.elementor-slides .swiper-slide-inner .elementor-slide-heading:not(:last-child){margin-bottom:30px}.elementor-slides .swiper-slide-inner .elementor-slide-button{border:2px solid #fff;color:#fff;background:transparent;display:inline-block}.elementor-slides .swiper-slide-inner .elementor-slide-button,.elementor-slides .swiper-slide-inner .elementor-slide-button:hover{background:transparent;color:inherit;text-decoration:none}.elementor--v-position-top .swiper-slide-inner{-webkit-box-align:start;-ms-flex-align:start;align-items:flex-start}.elementor--v-position-bottom .swiper-slide-inner{-webkit-box-align:end;-ms-flex-align:end;align-items:flex-end}.elementor--v-position-middle .swiper-slide-inner{-webkit-box-align:center;-ms-flex-align:center;align-items:center}.elementor--h-position-left .swiper-slide-inner{-webkit-box-pack:start;-ms-flex-pack:start;justify-content:flex-start}.elementor--h-position-right .swiper-slide-inner{-webkit-box-pack:end;-ms-flex-pack:end;justify-content:flex-end}.elementor--h-position-center .swiper-slide-inner{-webkit-box-pack:center;-ms-flex-pack:center;justify-content:center}body.rtl .elementor-widget-slides .elementor-swiper-button-next{left:10px;right:auto}body.rtl .elementor-widget-slides .elementor-swiper-button-prev{right:10px;left:auto}.elementor-slides-wrapper div:not(.swiper-slide)>.swiper-slide-inner{display:none}@media (max-width:767px){.elementor-slides .swiper-slide-inner{padding:30px}.elementor-slides .swiper-slide-inner .elementor-slide-heading{font-size:23px;line-height:1;margin-bottom:15px}.elementor-slides .swiper-slide-inner .elementor-slide-description{font-size:13px;line-height:1.4;margin-bottom:15px}}<\/style>\t\t<div class=\"elementor-swiper\">\n\t\t\t<div class=\"elementor-slides-wrapper elementor-main-swiper swiper-container\" dir=\"ltr\" data-animation=\"fadeInUp\">\n\t\t\t\t<div class=\"swiper-wrapper elementor-slides\">\n\t\t\t\t\t\t\t\t\t\t<div class=\"elementor-repeater-item-e385df0 swiper-slide\"><div class=\"swiper-slide-bg\"><\/div><a class=\"swiper-slide-inner\" href=\"https:\/\/www.multideco.cl\/index.php\/producto\/mesa-lateral-33x33x50cm\/\"><div class=\"swiper-slide-contents\"><\/div><\/a><\/div><div class=\"elementor-repeater-item-b72b169 swiper-slide\"><div class=\"swiper-slide-bg\"><\/div><a class=\"swiper-slide-inner\" href=\"https:\/\/www.multideco.cl\/index.php\/producto\/mesa-lateral-roble-blanco-33x60cm\/\"><div class=\"swiper-slide-contents\"><\/div><\/a><\/div>\t\t\t\t<\/div>\n\t\t\t\t\t\t\t\t\t\t\t\t\t\t\t<div class=\"swiper-pagination\"><\/div>\n\t\t\t\t\t\t\t\t\t\t\t\t\t\t\t\t<div class=\"elementor-swiper-button elementor-swiper-button-prev\">\n\t\t\t\t\t\t\t<svg aria-hidden=\"true\" class=\"e-font-icon-svg e-eicon-chevron-left\"><use xlink:href=\"#eicon-chevron-left\" \/><\/svg>\t\t\t\t\t\t\t<span class=\"elementor-screen-only\">Previous<\/span>\n\t\t\t\t\t\t<\/div>\n\t\t\t\t\t\t<div class=\"elementor-swiper-button elementor-swiper-button-next\">\n\t\t\t\t\t\t\t<svg aria-hidden=\"true\" class=\"e-font-icon-svg e-eicon-chevron-right\"><use xlink:href=\"#eicon-chevron-right\" \/><\/svg>\t\t\t\t\t\t\t<span class=\"elementor-screen-only\">Next<\/span>\n\t\t\t\t\t\t<\/div>\n\t\t\t\t\t\t\t\t\t\t\t\t<\/div>\n\t\t<\/div>\n\t\t\t\t<\/div>\n\t\t\t\t<\/div>\n\t\t\t\t\t<\/div>\n\t\t<\/div>\n\t\t\t\t\t\t\t<\/div>\n\t\t<\/section>\n\t\t\t\t<section class=\"elementor-section elementor-top-section elementor-element elementor-element-211d9667 elementor-section-content-middle elementor-section-boxed elementor-section-height-default elementor-section-height-default\" data-id=\"211d9667\" data-element_type=\"section\">\n\t\t\t\t\t\t<div class=\"elementor-container elementor-column-gap-no\">\n\t\t\t\t\t<div class=\"elementor-column elementor-col-100 elementor-top-column elementor-element elementor-element-60240efb\" data-id=\"60240efb\" data-element_type=\"column\">\n\t\t\t<div class=\"elementor-widget-wrap elementor-element-populated\">\n\t\t\t\t\t\t\t\t<div class=\"elementor-element elementor-element-e16b95f elementor-widget elementor-widget-heading\" data-id=\"e16b95f\" data-element_type=\"widget\" data-widget_type=\"heading.default\">\n\t\t\t\t<div class=\"elementor-widget-container\">\n\t\t\t<style>\/*! elementor - v3.5.5 - 03-02-2022 *\/\n.elementor-heading-title{padding:0;margin:0;line-height:1}.elementor-widget-heading .elementor-heading-title[class*=elementor-size-]>a{color:inherit;font-size:inherit;line-height:inherit}.elementor-widget-heading .elementor-heading-title.elementor-size-small{font-size:15px}.elementor-widget-heading .elementor-heading-title.elementor-size-medium{font-size:19px}.elementor-widget-heading .elementor-heading-title.elementor-size-large{font-size:29px}.elementor-widget-heading .elementor-heading-title.elementor-size-xl{font-size:39px}.elementor-widget-heading .elementor-heading-title.elementor-size-xxl{font-size:59px}<\/style><h4 class=\"elementor-heading-title elementor-size-default\">\u00bfPor qu\u00e9 elegirnos?<\/h4>\t\t<\/div>\n\t\t\t\t<\/div>\n\t\t\t\t<div class=\"elementor-element elementor-element-19123241 elementor-widget elementor-widget-heading\" data-id=\"19123241\" data-element_type=\"widget\" data-widget_type=\"heading.default\">\n\t\t\t\t<div class=\"elementor-widget-container\">\n\t\t\t<h4 class=\"elementor-heading-title elementor-size-default\">Compromiso con la calidad en cada detalle<\/h4>\t\t<\/div>\n\t\t\t\t<\/div>\n\t\t\t\t<section class=\"elementor-section elementor-inner-section elementor-element elementor-element-853bf97 elementor-section-boxed elementor-section-height-default elementor-section-height-default\" data-id=\"853bf97\" data-element_type=\"section\">\n\t\t\t\t\t\t<div class=\"elementor-container elementor-column-gap-default\">\n\t\t\t\t\t<div class=\"elementor-column elementor-col-25 elementor-inner-column elementor-element elementor-element-76dfe98\" data-id=\"76dfe98\" data-element_type=\"column\">\n\t\t\t<div class=\"elementor-widget-wrap elementor-element-populated\">\n\t\t\t\t\t\t\t\t<div class=\"elementor-element elementor-element-635bd9e elementor-view-default elementor-widget elementor-widget-icon\" data-id=\"635bd9e\" data-element_type=\"widget\" data-widget_type=\"icon.default\">\n\t\t\t\t<div class=\"elementor-widget-container\">\n\t\t\t\t\t<div class=\"elementor-icon-wrapper\">\n\t\t\t<div class=\"elementor-icon\">\n\t\t\t<svg aria-hidden=\"true\" class=\"e-font-icon-svg e-fas-truck\"><use xlink:href=\"#fas-truck\" \/><\/svg>\t\t\t<\/div>\n\t\t<\/div>\n\t\t\t\t<\/div>\n\t\t\t\t<\/div>\n\t\t\t\t<div class=\"elementor-element elementor-element-7e862ea elementor-widget elementor-widget-text-editor\" data-id=\"7e862ea\" data-element_type=\"widget\" data-widget_type=\"text-editor.default\">\n\t\t\t\t<div class=\"elementor-widget-container\">\n\t\t\t<style>\/*! elementor - v3.5.5 - 03-02-2022 *\/\n.elementor-widget-text-editor.elementor-drop-cap-view-stacked .elementor-drop-cap{background-color:#818a91;color:#fff}.elementor-widget-text-editor.elementor-drop-cap-view-framed .elementor-drop-cap{color:#818a91;border:3px solid;background-color:transparent}.elementor-widget-text-editor:not(.elementor-drop-cap-view-default) .elementor-drop-cap{margin-top:8px}.elementor-widget-text-editor:not(.elementor-drop-cap-view-default) .elementor-drop-cap-letter{width:1em;height:1em}.elementor-widget-text-editor .elementor-drop-cap{float:left;text-align:center;line-height:1;font-size:50px}.elementor-widget-text-editor .elementor-drop-cap-letter{display:inline-block}<\/style>\t\t\t\t<p style=\"text-align: center;\"><strong>Env\u00edo a todo Chile<br \/><\/strong>Despachos r\u00e1pidos y asegurados.<strong><br \/><\/strong><\/p>\t\t\t\t\t\t<\/div>\n\t\t\t\t<\/div>\n\t\t\t\t\t<\/div>\n\t\t<\/div>\n\t\t\t\t<div class=\"elementor-column elementor-col-25 elementor-inner-column elementor-element elementor-element-40fa2df\" data-id=\"40fa2df\" data-element_type=\"column\">\n\t\t\t<div class=\"elementor-widget-wrap elementor-element-populated\">\n\t\t\t\t\t\t\t\t<div class=\"elementor-element elementor-element-7b8555d elementor-view-default elementor-widget elementor-widget-icon\" data-id=\"7b8555d\" data-element_type=\"widget\" data-widget_type=\"icon.default\">\n\t\t\t\t<div class=\"elementor-widget-container\">\n\t\t\t\t\t<div class=\"elementor-icon-wrapper\">\n\t\t\t<div class=\"elementor-icon\">\n\t\t\t<svg aria-hidden=\"true\" class=\"e-font-icon-svg e-fas-hammer\"><use xlink:href=\"#fas-hammer\" \/><\/svg>\t\t\t<\/div>\n\t\t<\/div>\n\t\t\t\t<\/div>\n\t\t\t\t<\/div>\n\t\t\t\t<div class=\"elementor-element elementor-element-0a41b26 elementor-widget elementor-widget-text-editor\" data-id=\"0a41b26\" data-element_type=\"widget\" data-widget_type=\"text-editor.default\">\n\t\t\t\t<div class=\"elementor-widget-container\">\n\t\t\t\t\t\t\t<p style=\"text-align: center;\"><b data-path-to-node=\"14,2,1,1,0\" data-index-in-node=\"36\">Materiales Nobles<br \/><\/b>Madera seleccionada y acabados a mano.<b data-path-to-node=\"14,2,1,1,0\" data-index-in-node=\"36\"><br \/><\/b><\/p>\t\t\t\t\t\t<\/div>\n\t\t\t\t<\/div>\n\t\t\t\t\t<\/div>\n\t\t<\/div>\n\t\t\t\t<div class=\"elementor-column elementor-col-25 elementor-inner-column elementor-element elementor-element-501f88c\" data-id=\"501f88c\" data-element_type=\"column\">\n\t\t\t<div class=\"elementor-widget-wrap elementor-element-populated\">\n\t\t\t\t\t\t\t\t<div class=\"elementor-element elementor-element-a4ca469 elementor-view-default elementor-widget elementor-widget-icon\" data-id=\"a4ca469\" data-element_type=\"widget\" data-widget_type=\"icon.default\">\n\t\t\t\t<div class=\"elementor-widget-container\">\n\t\t\t\t\t<div class=\"elementor-icon-wrapper\">\n\t\t\t<div class=\"elementor-icon\">\n\t\t\t<svg aria-hidden=\"true\" class=\"e-font-icon-svg e-fas-ruler-combined\"><use xlink:href=\"#fas-ruler-combined\" \/><\/svg>\t\t\t<\/div>\n\t\t<\/div>\n\t\t\t\t<\/div>\n\t\t\t\t<\/div>\n\t\t\t\t<div class=\"elementor-element elementor-element-ad06462 elementor-widget elementor-widget-text-editor\" data-id=\"ad06462\" data-element_type=\"widget\" data-widget_type=\"text-editor.default\">\n\t\t\t\t<div class=\"elementor-widget-container\">\n\t\t\t\t\t\t\t<p style=\"text-align: center;\"><b data-path-to-node=\"14,2,1,2,0\" data-index-in-node=\"30\">Dise\u00f1o Funcional<\/b> <br \/><i data-path-to-node=\"14,2,1,2,0\" data-index-in-node=\"49\">Medidas pensadas para optimizar tus espacios.<\/i><\/p>\t\t\t\t\t\t<\/div>\n\t\t\t\t<\/div>\n\t\t\t\t\t<\/div>\n\t\t<\/div>\n\t\t\t\t<div class=\"elementor-column elementor-col-25 elementor-inner-column elementor-element elementor-element-33ea963\" data-id=\"33ea963\" data-element_type=\"column\">\n\t\t\t<div class=\"elementor-widget-wrap elementor-element-populated\">\n\t\t\t\t\t\t\t\t<div class=\"elementor-element elementor-element-c98baef elementor-view-default elementor-widget elementor-widget-icon\" data-id=\"c98baef\" data-element_type=\"widget\" data-widget_type=\"icon.default\">\n\t\t\t\t<div class=\"elementor-widget-container\">\n\t\t\t\t\t<div class=\"elementor-icon-wrapper\">\n\t\t\t<div class=\"elementor-icon\">\n\t\t\t<svg aria-hidden=\"true\" class=\"e-font-icon-svg e-fas-shield-alt\"><use xlink:href=\"#fas-shield-alt\" \/><\/svg>\t\t\t<\/div>\n\t\t<\/div>\n\t\t\t\t<\/div>\n\t\t\t\t<\/div>\n\t\t\t\t<div class=\"elementor-element elementor-element-570985b elementor-widget elementor-widget-text-editor\" data-id=\"570985b\" data-element_type=\"widget\" data-widget_type=\"text-editor.default\">\n\t\t\t\t<div class=\"elementor-widget-container\">\n\t\t\t\t\t\t\t<p style=\"text-align: center;\"><b data-path-to-node=\"14,2,1,3,0\" data-index-in-node=\"40\">Compra Segura<\/b> <br \/><i data-path-to-node=\"14,2,1,3,0\" data-index-in-node=\"56\">Paga con Webpay o en cuotas.<\/i><\/p>\t\t\t\t\t\t<\/div>\n\t\t\t\t<\/div>\n\t\t\t\t\t<\/div>\n\t\t<\/div>\n\t\t\t\t\t\t\t<\/div>\n\t\t<\/section>\n\t\t\t\t\t<\/div>\n\t\t<\/div>\n\t\t\t\t\t\t\t<\/div>\n\t\t<\/section>\n\t\t\t\t<section class=\"elementor-section elementor-top-section elementor-element elementor-element-d13daac elementor-section-boxed elementor-section-height-default elementor-section-height-default\" data-id=\"d13daac\" data-element_type=\"section\">\n\t\t\t\t\t\t<div class=\"elementor-container elementor-column-gap-default\">\n\t\t\t\t\t<div class=\"elementor-column elementor-col-100 elementor-top-column elementor-element elementor-element-f4a246c\" data-id=\"f4a246c\" data-element_type=\"column\">\n\t\t\t<div class=\"elementor-widget-wrap elementor-element-populated\">\n\t\t\t\t\t\t\t\t<div class=\"elementor-element elementor-element-0e50c6c elementor-grid-4 elementor-grid-tablet-3 elementor-grid-mobile-2 elementor-products-grid elementor-wc-products elementor-widget elementor-widget-woocommerce-products\" data-id=\"0e50c6c\" data-element_type=\"widget\" data-widget_type=\"woocommerce-products.default\">\n\t\t\t\t<div class=\"elementor-widget-container\">\n\t\t\t<link rel=\"stylesheet\" href=\"https:\/\/www.multideco.cl\/wp-content\/plugins\/elementor-pro\/assets\/css\/widget-woocommerce.min.css\"><div class=\"woocommerce columns-4 product-grid\"><ul class=\"products elementor-grid columns-4\">\n<li class=\"product type-product post-1452 status-publish first instock product_cat-mesas product_cat-mesas-auxiliares has-post-thumbnail shipping-taxable purchasable product-type-simple has-manage-stock has-only-one-instock has-gallery-images\">\n\t<a href=\"https:\/\/www.multideco.cl\/index.php\/producto\/mesa-lateral-esquina-46x60-cm-natural\/\" class=\"woocommerce-LoopProduct-link woocommerce-loop-product__link\"><img loading=\"lazy\" decoding=\"async\" width=\"420\" height=\"420\" src=\"https:\/\/www.multideco.cl\/wp-content\/uploads\/2024\/01\/1000089102-420x420.jpg\" class=\"attachment-woocommerce_thumbnail size-woocommerce_thumbnail\" alt=\"Mesa Lateral Esquina 46x60 cm Natural\" srcset=\"https:\/\/www.multideco.cl\/wp-content\/uploads\/2024\/01\/1000089102-420x420.jpg 420w, https:\/\/www.multideco.cl\/wp-content\/uploads\/2024\/01\/1000089102-300x300.jpg 300w, https:\/\/www.multideco.cl\/wp-content\/uploads\/2024\/01\/1000089102-1000x1000.jpg 1000w, https:\/\/www.multideco.cl\/wp-content\/uploads\/2024\/01\/1000089102-150x150.jpg 150w, https:\/\/www.multideco.cl\/wp-content\/uploads\/2024\/01\/1000089102-768x768.jpg 768w, https:\/\/www.multideco.cl\/wp-content\/uploads\/2024\/01\/1000089102-1140x1140.jpg 1140w, https:\/\/www.multideco.cl\/wp-content\/uploads\/2024\/01\/1000089102-920x920.jpg 920w, https:\/\/www.multideco.cl\/wp-content\/uploads\/2024\/01\/1000089102-575x575.jpg 575w, https:\/\/www.multideco.cl\/wp-content\/uploads\/2024\/01\/1000089102-380x380.jpg 380w, https:\/\/www.multideco.cl\/wp-content\/uploads\/2024\/01\/1000089102-800x800.jpg 800w, https:\/\/www.multideco.cl\/wp-content\/uploads\/2024\/01\/1000089102-100x100.jpg 100w, https:\/\/www.multideco.cl\/wp-content\/uploads\/2024\/01\/1000089102.jpg 1512w\" sizes=\"auto, (max-width: 420px) 100vw, 420px\" \/><h2 class=\"woocommerce-loop-product__title\">Mesa Lateral Esquina 46&#215;60 cm Natural<\/h2>\n\t<span class=\"price\"><span class=\"woocommerce-Price-amount amount\"><bdi><span class=\"woocommerce-Price-currencySymbol\" translate=\"no\">&#36;<\/span>29.900<\/bdi><\/span><\/span>\n<\/a><a title=\"Agregar al carrito: &ldquo;Mesa Lateral Esquina 46x60 cm Natural&rdquo;\" href=\"\/index.php\/wp-json\/wp\/v2\/pages\/17?add-to-cart=1452\" aria-describedby=\"woocommerce_loop_add_to_cart_link_describedby_1452\" data-quantity=\"1\" class=\"button product_type_simple add_to_cart_button ajax_add_to_cart\" data-product_id=\"1452\" data-product_sku=\"ML103-N\" aria-label=\"Agregar al carrito: &ldquo;Mesa Lateral Esquina 46x60 cm Natural&rdquo;\" rel=\"nofollow\" data-success_message=\"&ldquo;Mesa Lateral Esquina 46x60 cm Natural&rdquo; se ha a\u00f1adido a tu carro\" role=\"button\">Agregar al carrito<\/a>\t<span id=\"woocommerce_loop_add_to_cart_link_describedby_1452\" class=\"screen-reader-text\">\n\t\t\t<\/span>\n<\/li>\n<li class=\"product type-product post-1446 status-publish instock product_cat-repisas has-post-thumbnail sale shipping-taxable purchasable product-type-simple has-manage-stock has-gallery-images\">\n\t<a href=\"https:\/\/www.multideco.cl\/index.php\/producto\/repisa-madera-color-roble-110x35cm\/\" class=\"woocommerce-LoopProduct-link woocommerce-loop-product__link\">\n\t<span class=\"onsale\">\u00a1Oferta!<\/span>\n\t<img loading=\"lazy\" decoding=\"async\" width=\"420\" height=\"420\" src=\"https:\/\/www.multideco.cl\/wp-content\/uploads\/2024\/08\/RP100R-1--420x420.jpg\" class=\"attachment-woocommerce_thumbnail size-woocommerce_thumbnail\" alt=\"Repisa madera color Roble 110x35cm\" srcset=\"https:\/\/www.multideco.cl\/wp-content\/uploads\/2024\/08\/RP100R-1--420x420.jpg 420w, https:\/\/www.multideco.cl\/wp-content\/uploads\/2024\/08\/RP100R-1--100x100.jpg 100w, https:\/\/www.multideco.cl\/wp-content\/uploads\/2024\/08\/RP100R-1--800x800.jpg 800w, https:\/\/www.multideco.cl\/wp-content\/uploads\/2024\/08\/RP100R-1--300x300.jpg 300w, https:\/\/www.multideco.cl\/wp-content\/uploads\/2024\/08\/RP100R-1--1000x1000.jpg 1000w, https:\/\/www.multideco.cl\/wp-content\/uploads\/2024\/08\/RP100R-1--150x150.jpg 150w, https:\/\/www.multideco.cl\/wp-content\/uploads\/2024\/08\/RP100R-1--768x768.jpg 768w, https:\/\/www.multideco.cl\/wp-content\/uploads\/2024\/08\/RP100R-1-.jpg 1500w\" sizes=\"auto, (max-width: 420px) 100vw, 420px\" \/><h2 class=\"woocommerce-loop-product__title\">Repisa madera color Roble 110x35cm<\/h2>\n\t<span class=\"price\"><del aria-hidden=\"true\"><span class=\"woocommerce-Price-amount amount\"><bdi><span class=\"woocommerce-Price-currencySymbol\" translate=\"no\">&#36;<\/span>32.990<\/bdi><\/span><\/del> <span class=\"screen-reader-text\">El precio original era: &#036;32.990.<\/span><ins aria-hidden=\"true\"><span class=\"woocommerce-Price-amount amount\"><bdi><span class=\"woocommerce-Price-currencySymbol\" translate=\"no\">&#36;<\/span>29.900<\/bdi><\/span><\/ins><span class=\"screen-reader-text\">El precio actual es: &#036;29.900.<\/span><\/span>\n<\/a><a title=\"Agregar al carrito: &ldquo;Repisa madera color Roble 110x35cm&rdquo;\" href=\"\/index.php\/wp-json\/wp\/v2\/pages\/17?add-to-cart=1446\" aria-describedby=\"woocommerce_loop_add_to_cart_link_describedby_1446\" data-quantity=\"1\" class=\"button product_type_simple add_to_cart_button ajax_add_to_cart\" data-product_id=\"1446\" data-product_sku=\"RP100R\" aria-label=\"Agregar al carrito: &ldquo;Repisa madera color Roble 110x35cm&rdquo;\" rel=\"nofollow\" data-success_message=\"&ldquo;Repisa madera color Roble 110x35cm&rdquo; se ha a\u00f1adido a tu carro\" role=\"button\">Agregar al carrito<\/a>\t<span id=\"woocommerce_loop_add_to_cart_link_describedby_1446\" class=\"screen-reader-text\">\n\t\t\t<\/span>\n<\/li>\n<li class=\"product type-product post-1306 status-publish instock product_cat-mesas product_cat-mesas-auxiliares has-post-thumbnail shipping-taxable purchasable product-type-simple has-manage-stock has-gallery-images\">\n\t<a href=\"https:\/\/www.multideco.cl\/index.php\/producto\/mesa-lateral-40x50cm-natural\/\" class=\"woocommerce-LoopProduct-link woocommerce-loop-product__link\"><img loading=\"lazy\" decoding=\"async\" width=\"420\" height=\"420\" src=\"https:\/\/www.multideco.cl\/wp-content\/uploads\/2024\/08\/ML104NAT-10_1-420x420.jpg\" class=\"attachment-woocommerce_thumbnail size-woocommerce_thumbnail\" alt=\"Mesa Lateral 40x50cm Natural\" srcset=\"https:\/\/www.multideco.cl\/wp-content\/uploads\/2024\/08\/ML104NAT-10_1-420x420.jpg 420w, https:\/\/www.multideco.cl\/wp-content\/uploads\/2024\/08\/ML104NAT-10_1-100x100.jpg 100w, https:\/\/www.multideco.cl\/wp-content\/uploads\/2024\/08\/ML104NAT-10_1-800x800.jpg 800w, https:\/\/www.multideco.cl\/wp-content\/uploads\/2024\/08\/ML104NAT-10_1-300x300.jpg 300w, https:\/\/www.multideco.cl\/wp-content\/uploads\/2024\/08\/ML104NAT-10_1-150x150.jpg 150w, https:\/\/www.multideco.cl\/wp-content\/uploads\/2024\/08\/ML104NAT-10_1-768x768.jpg 768w, https:\/\/www.multideco.cl\/wp-content\/uploads\/2024\/08\/ML104NAT-10_1.jpg 1000w\" sizes=\"auto, (max-width: 420px) 100vw, 420px\" \/><h2 class=\"woocommerce-loop-product__title\">Mesa Lateral 40x50cm Natural<\/h2>\n\t<span class=\"price\"><span class=\"woocommerce-Price-amount amount\"><bdi><span class=\"woocommerce-Price-currencySymbol\" translate=\"no\">&#36;<\/span>29.900<\/bdi><\/span><\/span>\n<\/a><a title=\"Agregar al carrito: &ldquo;Mesa Lateral 40x50cm Natural&rdquo;\" href=\"\/index.php\/wp-json\/wp\/v2\/pages\/17?add-to-cart=1306\" aria-describedby=\"woocommerce_loop_add_to_cart_link_describedby_1306\" data-quantity=\"1\" class=\"button product_type_simple add_to_cart_button ajax_add_to_cart\" data-product_id=\"1306\" data-product_sku=\"ML104-NATU\" aria-label=\"Agregar al carrito: &ldquo;Mesa Lateral 40x50cm Natural&rdquo;\" rel=\"nofollow\" data-success_message=\"&ldquo;Mesa Lateral 40x50cm Natural&rdquo; se ha a\u00f1adido a tu carro\" role=\"button\">Agregar al carrito<\/a>\t<span id=\"woocommerce_loop_add_to_cart_link_describedby_1306\" class=\"screen-reader-text\">\n\t\t\t<\/span>\n<\/li>\n<li class=\"product type-product post-1298 status-publish last instock product_cat-mesas product_cat-mesas-auxiliares has-post-thumbnail shipping-taxable purchasable product-type-simple has-manage-stock has-gallery-images\">\n\t<a href=\"https:\/\/www.multideco.cl\/index.php\/producto\/mesa-lateral-40x50cm-castano\/\" class=\"woocommerce-LoopProduct-link woocommerce-loop-product__link\"><img loading=\"lazy\" decoding=\"async\" width=\"420\" height=\"420\" src=\"https:\/\/www.multideco.cl\/wp-content\/uploads\/2023\/07\/ML104CAST-22-420x420.jpg\" class=\"attachment-woocommerce_thumbnail size-woocommerce_thumbnail\" alt=\"Mesa Lateral 40x50cm Casta\u00f1o\" srcset=\"https:\/\/www.multideco.cl\/wp-content\/uploads\/2023\/07\/ML104CAST-22-420x420.jpg 420w, https:\/\/www.multideco.cl\/wp-content\/uploads\/2023\/07\/ML104CAST-22-100x100.jpg 100w, https:\/\/www.multideco.cl\/wp-content\/uploads\/2023\/07\/ML104CAST-22-800x800.jpg 800w, https:\/\/www.multideco.cl\/wp-content\/uploads\/2023\/07\/ML104CAST-22-300x300.jpg 300w, https:\/\/www.multideco.cl\/wp-content\/uploads\/2023\/07\/ML104CAST-22-150x150.jpg 150w, https:\/\/www.multideco.cl\/wp-content\/uploads\/2023\/07\/ML104CAST-22-768x768.jpg 768w, https:\/\/www.multideco.cl\/wp-content\/uploads\/2023\/07\/ML104CAST-22.jpg 1000w\" sizes=\"auto, (max-width: 420px) 100vw, 420px\" \/><h2 class=\"woocommerce-loop-product__title\">Mesa Lateral 40x50cm Casta\u00f1o<\/h2>\n\t<span class=\"price\"><span class=\"woocommerce-Price-amount amount\"><bdi><span class=\"woocommerce-Price-currencySymbol\" translate=\"no\">&#36;<\/span>29.900<\/bdi><\/span><\/span>\n<\/a><a title=\"Agregar al carrito: &ldquo;Mesa Lateral 40x50cm Casta\u00f1o&rdquo;\" href=\"\/index.php\/wp-json\/wp\/v2\/pages\/17?add-to-cart=1298\" aria-describedby=\"woocommerce_loop_add_to_cart_link_describedby_1298\" data-quantity=\"1\" class=\"button product_type_simple add_to_cart_button ajax_add_to_cart\" data-product_id=\"1298\" data-product_sku=\"ML104-CAST\" aria-label=\"Agregar al carrito: &ldquo;Mesa Lateral 40x50cm Casta\u00f1o&rdquo;\" rel=\"nofollow\" data-success_message=\"&ldquo;Mesa Lateral 40x50cm Casta\u00f1o&rdquo; se ha a\u00f1adido a tu carro\" role=\"button\">Agregar al carrito<\/a>\t<span id=\"woocommerce_loop_add_to_cart_link_describedby_1298\" class=\"screen-reader-text\">\n\t\t\t<\/span>\n<\/li>\n<li class=\"product type-product post-1018 status-publish first outofstock product_cat-mesas product_cat-mesas-de-centro has-post-thumbnail sale shipping-taxable purchasable product-type-simple has-gallery-images\">\n\t<a href=\"https:\/\/www.multideco.cl\/index.php\/producto\/mesa-de-centro-50x100x38cm-cafe\/\" class=\"woocommerce-LoopProduct-link woocommerce-loop-product__link\">\n\t<span class=\"onsale\">\u00a1Oferta!<\/span>\n\t<img loading=\"lazy\" decoding=\"async\" width=\"420\" height=\"420\" src=\"https:\/\/www.multideco.cl\/wp-content\/uploads\/2022\/10\/Mesa-Centro-Cafe-1-420x420.jpg\" class=\"attachment-woocommerce_thumbnail size-woocommerce_thumbnail\" alt=\"Mesa de Centro 50x100x38cm caf\u00e9\" srcset=\"https:\/\/www.multideco.cl\/wp-content\/uploads\/2022\/10\/Mesa-Centro-Cafe-1-420x420.jpg 420w, https:\/\/www.multideco.cl\/wp-content\/uploads\/2022\/10\/Mesa-Centro-Cafe-1-100x100.jpg 100w, https:\/\/www.multideco.cl\/wp-content\/uploads\/2022\/10\/Mesa-Centro-Cafe-1-800x800.jpg 800w, https:\/\/www.multideco.cl\/wp-content\/uploads\/2022\/10\/Mesa-Centro-Cafe-1-300x300.jpg 300w, https:\/\/www.multideco.cl\/wp-content\/uploads\/2022\/10\/Mesa-Centro-Cafe-1-150x150.jpg 150w, https:\/\/www.multideco.cl\/wp-content\/uploads\/2022\/10\/Mesa-Centro-Cafe-1-768x768.jpg 768w, https:\/\/www.multideco.cl\/wp-content\/uploads\/2022\/10\/Mesa-Centro-Cafe-1.jpg 1000w\" sizes=\"auto, (max-width: 420px) 100vw, 420px\" \/><h2 class=\"woocommerce-loop-product__title\">Mesa de Centro 50x100x38cm caf\u00e9<\/h2>\n\t<span class=\"price\"><del aria-hidden=\"true\"><span class=\"woocommerce-Price-amount amount\"><bdi><span class=\"woocommerce-Price-currencySymbol\" translate=\"no\">&#36;<\/span>169.990<\/bdi><\/span><\/del> <span class=\"screen-reader-text\">El precio original era: &#036;169.990.<\/span><ins aria-hidden=\"true\"><span class=\"woocommerce-Price-amount amount\"><bdi><span class=\"woocommerce-Price-currencySymbol\" translate=\"no\">&#36;<\/span>90.000<\/bdi><\/span><\/ins><span class=\"screen-reader-text\">El precio actual es: &#036;90.000.<\/span><\/span>\n<\/a><a title=\"Lee m\u00e1s sobre &ldquo;Mesa de Centro 50x100x38cm caf\u00e9&rdquo;\" href=\"https:\/\/www.multideco.cl\/index.php\/producto\/mesa-de-centro-50x100x38cm-cafe\/\" aria-describedby=\"woocommerce_loop_add_to_cart_link_describedby_1018\" data-quantity=\"1\" class=\"button product_type_simple\" data-product_id=\"1018\" data-product_sku=\"\" aria-label=\"Lee m\u00e1s sobre &ldquo;Mesa de Centro 50x100x38cm caf\u00e9&rdquo;\" rel=\"nofollow\" data-success_message=\"\">Leer m\u00e1s<\/a>\t<span id=\"woocommerce_loop_add_to_cart_link_describedby_1018\" class=\"screen-reader-text\">\n\t\t\t<\/span>\n<\/li>\n<li class=\"product type-product post-704 status-publish instock product_cat-mesas product_cat-mesas-auxiliares has-post-thumbnail sale shipping-taxable purchasable product-type-simple has-gallery-images\">\n\t<a href=\"https:\/\/www.multideco.cl\/index.php\/producto\/mesa-lateral-cafe-33x33x90cm\/\" class=\"woocommerce-LoopProduct-link woocommerce-loop-product__link\">\n\t<span class=\"onsale\">\u00a1Oferta!<\/span>\n\t<img loading=\"lazy\" decoding=\"async\" width=\"420\" height=\"420\" src=\"https:\/\/www.multideco.cl\/wp-content\/uploads\/2022\/07\/grande-1-420x420.jpg\" class=\"attachment-woocommerce_thumbnail size-woocommerce_thumbnail\" alt=\"Mesa Lateral L 33x33x90cm\" srcset=\"https:\/\/www.multideco.cl\/wp-content\/uploads\/2022\/07\/grande-1-420x420.jpg 420w, https:\/\/www.multideco.cl\/wp-content\/uploads\/2022\/07\/grande-1-100x100.jpg 100w, https:\/\/www.multideco.cl\/wp-content\/uploads\/2022\/07\/grande-1-800x800.jpg 800w, https:\/\/www.multideco.cl\/wp-content\/uploads\/2022\/07\/grande-1-300x300.jpg 300w, https:\/\/www.multideco.cl\/wp-content\/uploads\/2022\/07\/grande-1-1000x1000.jpg 1000w, https:\/\/www.multideco.cl\/wp-content\/uploads\/2022\/07\/grande-1-150x150.jpg 150w, https:\/\/www.multideco.cl\/wp-content\/uploads\/2022\/07\/grande-1-768x768.jpg 768w, https:\/\/www.multideco.cl\/wp-content\/uploads\/2022\/07\/grande-1.jpg 1500w\" sizes=\"auto, (max-width: 420px) 100vw, 420px\" \/><h2 class=\"woocommerce-loop-product__title\">Mesa Lateral L 33x33x90cm<\/h2>\n\t<span class=\"price\"><del aria-hidden=\"true\"><span class=\"woocommerce-Price-amount amount\"><bdi><span class=\"woocommerce-Price-currencySymbol\" translate=\"no\">&#36;<\/span>68.990<\/bdi><\/span><\/del> <span class=\"screen-reader-text\">El precio original era: &#036;68.990.<\/span><ins aria-hidden=\"true\"><span class=\"woocommerce-Price-amount amount\"><bdi><span class=\"woocommerce-Price-currencySymbol\" translate=\"no\">&#36;<\/span>59.990<\/bdi><\/span><\/ins><span class=\"screen-reader-text\">El precio actual es: &#036;59.990.<\/span><\/span>\n<\/a><a title=\"Agregar al carrito: &ldquo;Mesa Lateral L 33x33x90cm&rdquo;\" href=\"\/index.php\/wp-json\/wp\/v2\/pages\/17?add-to-cart=704\" aria-describedby=\"woocommerce_loop_add_to_cart_link_describedby_704\" data-quantity=\"1\" class=\"button product_type_simple add_to_cart_button ajax_add_to_cart\" data-product_id=\"704\" data-product_sku=\"ML102L\" aria-label=\"Agregar al carrito: &ldquo;Mesa Lateral L 33x33x90cm&rdquo;\" rel=\"nofollow\" data-success_message=\"&ldquo;Mesa Lateral L 33x33x90cm&rdquo; se ha a\u00f1adido a tu carro\" role=\"button\">Agregar al carrito<\/a>\t<span id=\"woocommerce_loop_add_to_cart_link_describedby_704\" class=\"screen-reader-text\">\n\t\t\t<\/span>\n<\/li>\n<li class=\"product type-product post-699 status-publish instock product_cat-mesas product_cat-mesas-auxiliares has-post-thumbnail shipping-taxable purchasable product-type-simple has-gallery-images\">\n\t<a href=\"https:\/\/www.multideco.cl\/index.php\/producto\/mesa-lateral-33x33x70cm-cafe\/\" class=\"woocommerce-LoopProduct-link woocommerce-loop-product__link\"><img loading=\"lazy\" decoding=\"async\" width=\"420\" height=\"420\" src=\"https:\/\/www.multideco.cl\/wp-content\/uploads\/2022\/07\/mediana-1-420x420.jpg\" class=\"attachment-woocommerce_thumbnail size-woocommerce_thumbnail\" alt=\"Mesa Lateral M 33x33x70cm\" srcset=\"https:\/\/www.multideco.cl\/wp-content\/uploads\/2022\/07\/mediana-1-420x420.jpg 420w, https:\/\/www.multideco.cl\/wp-content\/uploads\/2022\/07\/mediana-1-100x100.jpg 100w, https:\/\/www.multideco.cl\/wp-content\/uploads\/2022\/07\/mediana-1-800x800.jpg 800w, https:\/\/www.multideco.cl\/wp-content\/uploads\/2022\/07\/mediana-1-300x300.jpg 300w, https:\/\/www.multideco.cl\/wp-content\/uploads\/2022\/07\/mediana-1-1000x1000.jpg 1000w, https:\/\/www.multideco.cl\/wp-content\/uploads\/2022\/07\/mediana-1-150x150.jpg 150w, https:\/\/www.multideco.cl\/wp-content\/uploads\/2022\/07\/mediana-1-768x768.jpg 768w, https:\/\/www.multideco.cl\/wp-content\/uploads\/2022\/07\/mediana-1.jpg 1500w\" sizes=\"auto, (max-width: 420px) 100vw, 420px\" \/><h2 class=\"woocommerce-loop-product__title\">Mesa Lateral M 33x33x70cm<\/h2>\n\t<span class=\"price\"><span class=\"woocommerce-Price-amount amount\"><bdi><span class=\"woocommerce-Price-currencySymbol\" translate=\"no\">&#36;<\/span>59.990<\/bdi><\/span><\/span>\n<\/a><a title=\"Agregar al carrito: &ldquo;Mesa Lateral M 33x33x70cm&rdquo;\" href=\"\/index.php\/wp-json\/wp\/v2\/pages\/17?add-to-cart=699\" aria-describedby=\"woocommerce_loop_add_to_cart_link_describedby_699\" data-quantity=\"1\" class=\"button product_type_simple add_to_cart_button ajax_add_to_cart\" data-product_id=\"699\" data-product_sku=\"ML102M\" aria-label=\"Agregar al carrito: &ldquo;Mesa Lateral M 33x33x70cm&rdquo;\" rel=\"nofollow\" data-success_message=\"&ldquo;Mesa Lateral M 33x33x70cm&rdquo; se ha a\u00f1adido a tu carro\" role=\"button\">Agregar al carrito<\/a>\t<span id=\"woocommerce_loop_add_to_cart_link_describedby_699\" class=\"screen-reader-text\">\n\t\t\t<\/span>\n<\/li>\n<li class=\"product type-product post-581 status-publish last instock product_cat-mesas product_cat-mesas-auxiliares has-post-thumbnail shipping-taxable purchasable product-type-simple has-gallery-images\">\n\t<a href=\"https:\/\/www.multideco.cl\/index.php\/producto\/mesa-lateral-33x33x50cm\/\" class=\"woocommerce-LoopProduct-link woocommerce-loop-product__link\"><img loading=\"lazy\" decoding=\"async\" width=\"420\" height=\"420\" src=\"https:\/\/www.multideco.cl\/wp-content\/uploads\/2022\/07\/1000078250-420x420.png\" class=\"attachment-woocommerce_thumbnail size-woocommerce_thumbnail\" alt=\"Mesa Lateral S  33x33x50cm\" srcset=\"https:\/\/www.multideco.cl\/wp-content\/uploads\/2022\/07\/1000078250-420x420.png 420w, https:\/\/www.multideco.cl\/wp-content\/uploads\/2022\/07\/1000078250-300x300.png 300w, https:\/\/www.multideco.cl\/wp-content\/uploads\/2022\/07\/1000078250-150x150.png 150w, https:\/\/www.multideco.cl\/wp-content\/uploads\/2022\/07\/1000078250-768x768.png 768w, https:\/\/www.multideco.cl\/wp-content\/uploads\/2022\/07\/1000078250-920x920.png 920w, https:\/\/www.multideco.cl\/wp-content\/uploads\/2022\/07\/1000078250-575x575.png 575w, https:\/\/www.multideco.cl\/wp-content\/uploads\/2022\/07\/1000078250-380x380.png 380w, https:\/\/www.multideco.cl\/wp-content\/uploads\/2022\/07\/1000078250-800x800.png 800w, https:\/\/www.multideco.cl\/wp-content\/uploads\/2022\/07\/1000078250-100x100.png 100w, https:\/\/www.multideco.cl\/wp-content\/uploads\/2022\/07\/1000078250.png 1000w\" sizes=\"auto, (max-width: 420px) 100vw, 420px\" \/><h2 class=\"woocommerce-loop-product__title\">Mesa Lateral S  33x33x50cm<\/h2>\n\t<span class=\"price\"><span class=\"woocommerce-Price-amount amount\"><bdi><span class=\"woocommerce-Price-currencySymbol\" translate=\"no\">&#36;<\/span>39.990<\/bdi><\/span><\/span>\n<\/a><a title=\"Agregar al carrito: &ldquo;Mesa Lateral S  33x33x50cm&rdquo;\" href=\"\/index.php\/wp-json\/wp\/v2\/pages\/17?add-to-cart=581\" aria-describedby=\"woocommerce_loop_add_to_cart_link_describedby_581\" data-quantity=\"1\" class=\"button product_type_simple add_to_cart_button ajax_add_to_cart\" data-product_id=\"581\" data-product_sku=\"ML102S\" aria-label=\"Agregar al carrito: &ldquo;Mesa Lateral S  33x33x50cm&rdquo;\" rel=\"nofollow\" data-success_message=\"&ldquo;Mesa Lateral S  33x33x50cm&rdquo; se ha a\u00f1adido a tu carro\" role=\"button\">Agregar al carrito<\/a>\t<span id=\"woocommerce_loop_add_to_cart_link_describedby_581\" class=\"screen-reader-text\">\n\t\t\t<\/span>\n<\/li>\n<li class=\"product type-product post-518 status-publish first instock product_cat-mesas product_cat-mesas-auxiliares product_cat-mesas-de-centro has-post-thumbnail shipping-taxable purchasable product-type-simple has-gallery-images\">\n\t<a href=\"https:\/\/www.multideco.cl\/index.php\/producto\/mesa-librero-70x30x45cm-natural\/\" class=\"woocommerce-LoopProduct-link woocommerce-loop-product__link\"><img loading=\"lazy\" decoding=\"async\" width=\"420\" height=\"420\" src=\"https:\/\/www.multideco.cl\/wp-content\/uploads\/2022\/05\/Librero-1-1-420x420.jpg\" class=\"attachment-woocommerce_thumbnail size-woocommerce_thumbnail\" alt=\"Mesa Librero 70x30x45cm Natural\" srcset=\"https:\/\/www.multideco.cl\/wp-content\/uploads\/2022\/05\/Librero-1-1-420x420.jpg 420w, https:\/\/www.multideco.cl\/wp-content\/uploads\/2022\/05\/Librero-1-1-100x100.jpg 100w, https:\/\/www.multideco.cl\/wp-content\/uploads\/2022\/05\/Librero-1-1-800x800.jpg 800w, https:\/\/www.multideco.cl\/wp-content\/uploads\/2022\/05\/Librero-1-1-300x300.jpg 300w, https:\/\/www.multideco.cl\/wp-content\/uploads\/2022\/05\/Librero-1-1-1000x1000.jpg 1000w, https:\/\/www.multideco.cl\/wp-content\/uploads\/2022\/05\/Librero-1-1-150x150.jpg 150w, https:\/\/www.multideco.cl\/wp-content\/uploads\/2022\/05\/Librero-1-1-768x768.jpg 768w, https:\/\/www.multideco.cl\/wp-content\/uploads\/2022\/05\/Librero-1-1.jpg 1500w\" sizes=\"auto, (max-width: 420px) 100vw, 420px\" \/><h2 class=\"woocommerce-loop-product__title\">Mesa Librero 70x30x45cm Natural<\/h2>\n\t<span class=\"price\"><span class=\"woocommerce-Price-amount amount\"><bdi><span class=\"woocommerce-Price-currencySymbol\" translate=\"no\">&#36;<\/span>49.990<\/bdi><\/span><\/span>\n<\/a><a title=\"Agregar al carrito: &ldquo;Mesa Librero 70x30x45cm Natural&rdquo;\" href=\"\/index.php\/wp-json\/wp\/v2\/pages\/17?add-to-cart=518\" aria-describedby=\"woocommerce_loop_add_to_cart_link_describedby_518\" data-quantity=\"1\" class=\"button product_type_simple add_to_cart_button ajax_add_to_cart\" data-product_id=\"518\" data-product_sku=\"\" aria-label=\"Agregar al carrito: &ldquo;Mesa Librero 70x30x45cm Natural&rdquo;\" rel=\"nofollow\" data-success_message=\"&ldquo;Mesa Librero 70x30x45cm Natural&rdquo; se ha a\u00f1adido a tu carro\" role=\"button\">Agregar al carrito<\/a>\t<span id=\"woocommerce_loop_add_to_cart_link_describedby_518\" class=\"screen-reader-text\">\n\t\t\t<\/span>\n<\/li>\n<li class=\"product type-product post-381 status-publish instock product_cat-vineros has-post-thumbnail shipping-taxable purchasable product-type-simple has-manage-stock has-only-one-instock has-gallery-images\">\n\t<a href=\"https:\/\/www.multideco.cl\/index.php\/producto\/vinero-pared-multideco\/\" class=\"woocommerce-LoopProduct-link woocommerce-loop-product__link\"><img loading=\"lazy\" decoding=\"async\" width=\"420\" height=\"420\" src=\"https:\/\/www.multideco.cl\/wp-content\/uploads\/2022\/02\/vinero_pared_madera_vinos_2-420x420.jpg\" class=\"attachment-woocommerce_thumbnail size-woocommerce_thumbnail\" alt=\"Vinero de Pared 60x35cm\" srcset=\"https:\/\/www.multideco.cl\/wp-content\/uploads\/2022\/02\/vinero_pared_madera_vinos_2-420x420.jpg 420w, https:\/\/www.multideco.cl\/wp-content\/uploads\/2022\/02\/vinero_pared_madera_vinos_2-100x100.jpg 100w, https:\/\/www.multideco.cl\/wp-content\/uploads\/2022\/02\/vinero_pared_madera_vinos_2-800x800.jpg 800w, https:\/\/www.multideco.cl\/wp-content\/uploads\/2022\/02\/vinero_pared_madera_vinos_2-300x300.jpg 300w, https:\/\/www.multideco.cl\/wp-content\/uploads\/2022\/02\/vinero_pared_madera_vinos_2-1000x1000.jpg 1000w, https:\/\/www.multideco.cl\/wp-content\/uploads\/2022\/02\/vinero_pared_madera_vinos_2-150x150.jpg 150w, https:\/\/www.multideco.cl\/wp-content\/uploads\/2022\/02\/vinero_pared_madera_vinos_2-768x768.jpg 768w, https:\/\/www.multideco.cl\/wp-content\/uploads\/2022\/02\/vinero_pared_madera_vinos_2-1536x1536.jpg 1536w, https:\/\/www.multideco.cl\/wp-content\/uploads\/2022\/02\/vinero_pared_madera_vinos_2-600x600.jpg 600w, https:\/\/www.multideco.cl\/wp-content\/uploads\/2022\/02\/vinero_pared_madera_vinos_2.jpg 2000w\" sizes=\"auto, (max-width: 420px) 100vw, 420px\" \/><h2 class=\"woocommerce-loop-product__title\">Vinero de Pared 60x35cm<\/h2>\n\t<span class=\"price\"><span class=\"woocommerce-Price-amount amount\"><bdi><span class=\"woocommerce-Price-currencySymbol\" translate=\"no\">&#36;<\/span>35.990<\/bdi><\/span><\/span>\n<\/a><a title=\"Agregar al carrito: &ldquo;Vinero de Pared 60x35cm&rdquo;\" href=\"\/index.php\/wp-json\/wp\/v2\/pages\/17?add-to-cart=381\" aria-describedby=\"woocommerce_loop_add_to_cart_link_describedby_381\" data-quantity=\"1\" class=\"button product_type_simple add_to_cart_button ajax_add_to_cart\" data-product_id=\"381\" data-product_sku=\"\" aria-label=\"Agregar al carrito: &ldquo;Vinero de Pared 60x35cm&rdquo;\" rel=\"nofollow\" data-success_message=\"&ldquo;Vinero de Pared 60x35cm&rdquo; se ha a\u00f1adido a tu carro\" role=\"button\">Agregar al carrito<\/a>\t<span id=\"woocommerce_loop_add_to_cart_link_describedby_381\" class=\"screen-reader-text\">\n\t\t\t<\/span>\n<\/li>\n<li class=\"product type-product post-178 status-publish instock product_cat-mesas product_cat-mesas-auxiliares has-post-thumbnail sale shipping-taxable purchasable product-type-simple has-manage-stock has-gallery-images\">\n\t<a href=\"https:\/\/www.multideco.cl\/index.php\/producto\/mesa-lateral-33x60cm-natural-blanco\/\" class=\"woocommerce-LoopProduct-link woocommerce-loop-product__link\">\n\t<span class=\"onsale\">\u00a1Oferta!<\/span>\n\t<img loading=\"lazy\" decoding=\"async\" width=\"420\" height=\"420\" src=\"https:\/\/www.multideco.cl\/wp-content\/uploads\/2021\/11\/NAT-1-420x420.jpg\" class=\"attachment-woocommerce_thumbnail size-woocommerce_thumbnail\" alt=\"Mesa Lateral 33x60cm Natural\/Blanco\" srcset=\"https:\/\/www.multideco.cl\/wp-content\/uploads\/2021\/11\/NAT-1-420x420.jpg 420w, https:\/\/www.multideco.cl\/wp-content\/uploads\/2021\/11\/NAT-1-100x100.jpg 100w, https:\/\/www.multideco.cl\/wp-content\/uploads\/2021\/11\/NAT-1-800x800.jpg 800w, https:\/\/www.multideco.cl\/wp-content\/uploads\/2021\/11\/NAT-1-300x300.jpg 300w, https:\/\/www.multideco.cl\/wp-content\/uploads\/2021\/11\/NAT-1-1000x1000.jpg 1000w, https:\/\/www.multideco.cl\/wp-content\/uploads\/2021\/11\/NAT-1-150x150.jpg 150w, https:\/\/www.multideco.cl\/wp-content\/uploads\/2021\/11\/NAT-1-768x768.jpg 768w, https:\/\/www.multideco.cl\/wp-content\/uploads\/2021\/11\/NAT-1.jpg 1500w\" sizes=\"auto, (max-width: 420px) 100vw, 420px\" \/><h2 class=\"woocommerce-loop-product__title\">Mesa Lateral 33x60cm Natural\/Blanco<\/h2><div class=\"star-rating\" role=\"img\" aria-label=\"Valorado en 5.00 de 5\"><span style=\"width:100%\">Valorado en <strong class=\"rating\">5.00<\/strong> de 5<\/span><\/div>\n\t<span class=\"price\"><del aria-hidden=\"true\"><span class=\"woocommerce-Price-amount amount\"><bdi><span class=\"woocommerce-Price-currencySymbol\" translate=\"no\">&#36;<\/span>34.490<\/bdi><\/span><\/del> <span class=\"screen-reader-text\">El precio original era: &#036;34.490.<\/span><ins aria-hidden=\"true\"><span class=\"woocommerce-Price-amount amount\"><bdi><span class=\"woocommerce-Price-currencySymbol\" translate=\"no\">&#36;<\/span>29.990<\/bdi><\/span><\/ins><span class=\"screen-reader-text\">El precio actual es: &#036;29.990.<\/span><\/span>\n<\/a><a title=\"Agregar al carrito: &ldquo;Mesa Lateral 33x60cm Natural\/Blanco&rdquo;\" href=\"\/index.php\/wp-json\/wp\/v2\/pages\/17?add-to-cart=178\" aria-describedby=\"woocommerce_loop_add_to_cart_link_describedby_178\" data-quantity=\"1\" class=\"button product_type_simple add_to_cart_button ajax_add_to_cart\" data-product_id=\"178\" data-product_sku=\"ML101NB\" aria-label=\"Agregar al carrito: &ldquo;Mesa Lateral 33x60cm Natural\/Blanco&rdquo;\" rel=\"nofollow\" data-success_message=\"&ldquo;Mesa Lateral 33x60cm Natural\/Blanco&rdquo; se ha a\u00f1adido a tu carro\" role=\"button\">Agregar al carrito<\/a>\t<span id=\"woocommerce_loop_add_to_cart_link_describedby_178\" class=\"screen-reader-text\">\n\t\t\t<\/span>\n<\/li>\n<li class=\"product type-product post-119 status-publish last outofstock product_cat-percheros has-post-thumbnail shipping-taxable purchasable product-type-simple has-gallery-images\">\n\t<a href=\"https:\/\/www.multideco.cl\/index.php\/producto\/perchero-de-pie-color-roble\/\" class=\"woocommerce-LoopProduct-link woocommerce-loop-product__link\"><img loading=\"lazy\" decoding=\"async\" width=\"420\" height=\"420\" src=\"https:\/\/www.multideco.cl\/wp-content\/uploads\/2021\/10\/perchero-de-pie-5-420x420.jpg\" class=\"attachment-woocommerce_thumbnail size-woocommerce_thumbnail\" alt=\"Perchero de Pie color Roble.\" srcset=\"https:\/\/www.multideco.cl\/wp-content\/uploads\/2021\/10\/perchero-de-pie-5-420x420.jpg 420w, https:\/\/www.multideco.cl\/wp-content\/uploads\/2021\/10\/perchero-de-pie-5-100x100.jpg 100w, https:\/\/www.multideco.cl\/wp-content\/uploads\/2021\/10\/perchero-de-pie-5-800x800.jpg 800w, https:\/\/www.multideco.cl\/wp-content\/uploads\/2021\/10\/perchero-de-pie-5-300x300.jpg 300w, https:\/\/www.multideco.cl\/wp-content\/uploads\/2021\/10\/perchero-de-pie-5-1000x1000.jpg 1000w, https:\/\/www.multideco.cl\/wp-content\/uploads\/2021\/10\/perchero-de-pie-5-150x150.jpg 150w, https:\/\/www.multideco.cl\/wp-content\/uploads\/2021\/10\/perchero-de-pie-5-768x768.jpg 768w, https:\/\/www.multideco.cl\/wp-content\/uploads\/2021\/10\/perchero-de-pie-5.jpg 1500w\" sizes=\"auto, (max-width: 420px) 100vw, 420px\" \/><h2 class=\"woocommerce-loop-product__title\">Perchero de Pie color Roble.<\/h2><div class=\"star-rating\" role=\"img\" aria-label=\"Valorado en 5.00 de 5\"><span style=\"width:100%\">Valorado en <strong class=\"rating\">5.00<\/strong> de 5<\/span><\/div>\n\t<span class=\"price\"><span class=\"woocommerce-Price-amount amount\"><bdi><span class=\"woocommerce-Price-currencySymbol\" translate=\"no\">&#36;<\/span>42.900<\/bdi><\/span><\/span>\n<\/a><a title=\"Lee m\u00e1s sobre &ldquo;Perchero de Pie color Roble.&rdquo;\" href=\"https:\/\/www.multideco.cl\/index.php\/producto\/perchero-de-pie-color-roble\/\" aria-describedby=\"woocommerce_loop_add_to_cart_link_describedby_119\" data-quantity=\"1\" class=\"button product_type_simple\" data-product_id=\"119\" data-product_sku=\"\" aria-label=\"Lee m\u00e1s sobre &ldquo;Perchero de Pie color Roble.&rdquo;\" rel=\"nofollow\" data-success_message=\"\">Leer m\u00e1s<\/a>\t<span id=\"woocommerce_loop_add_to_cart_link_describedby_119\" class=\"screen-reader-text\">\n\t\t\t<\/span>\n<\/li>\n<li class=\"product type-product post-53 status-publish first outofstock product_cat-repisas has-post-thumbnail shipping-taxable purchasable product-type-simple has-gallery-images\">\n\t<a href=\"https:\/\/www.multideco.cl\/index.php\/producto\/repisa-color-roble-18x60-cm\/\" class=\"woocommerce-LoopProduct-link woocommerce-loop-product__link\"><img loading=\"lazy\" decoding=\"async\" width=\"420\" height=\"420\" src=\"https:\/\/www.multideco.cl\/wp-content\/uploads\/2021\/10\/repisa-1-scaled-e1634523390205-420x420.jpg\" class=\"attachment-woocommerce_thumbnail size-woocommerce_thumbnail\" alt=\"Repisa color Roble 20x60cm 2 unidades\" srcset=\"https:\/\/www.multideco.cl\/wp-content\/uploads\/2021\/10\/repisa-1-scaled-e1634523390205-420x420.jpg 420w, https:\/\/www.multideco.cl\/wp-content\/uploads\/2021\/10\/repisa-1-scaled-e1634523390205-100x100.jpg 100w, https:\/\/www.multideco.cl\/wp-content\/uploads\/2021\/10\/repisa-1-scaled-e1634523390205-800x800.jpg 800w, https:\/\/www.multideco.cl\/wp-content\/uploads\/2021\/10\/repisa-1-scaled-e1634523390205-300x300.jpg 300w, https:\/\/www.multideco.cl\/wp-content\/uploads\/2021\/10\/repisa-1-scaled-e1634523390205-600x600.jpg 600w, https:\/\/www.multideco.cl\/wp-content\/uploads\/2021\/10\/repisa-1-scaled-e1634523390205.jpg 1000w\" sizes=\"auto, (max-width: 420px) 100vw, 420px\" \/><h2 class=\"woocommerce-loop-product__title\">Repisa color Roble 20x60cm 2 unidades<\/h2>\n\t<span class=\"price\"><span class=\"woocommerce-Price-amount amount\"><bdi><span class=\"woocommerce-Price-currencySymbol\" translate=\"no\">&#36;<\/span>25.990<\/bdi><\/span><\/span>\n<\/a><a title=\"Lee m\u00e1s sobre &ldquo;Repisa color Roble 20x60cm 2 unidades&rdquo;\" href=\"https:\/\/www.multideco.cl\/index.php\/producto\/repisa-color-roble-18x60-cm\/\" aria-describedby=\"woocommerce_loop_add_to_cart_link_describedby_53\" data-quantity=\"1\" class=\"button product_type_simple\" data-product_id=\"53\" data-product_sku=\"\" aria-label=\"Lee m\u00e1s sobre &ldquo;Repisa color Roble 20x60cm 2 unidades&rdquo;\" rel=\"nofollow\" data-success_message=\"\">Leer m\u00e1s<\/a>\t<span id=\"woocommerce_loop_add_to_cart_link_describedby_53\" class=\"screen-reader-text\">\n\t\t\t<\/span>\n<\/li>\n<li class=\"product type-product post-51 status-publish instock product_cat-mesas product_cat-mesas-auxiliares product_cat-mesas-de-centro has-post-thumbnail sale shipping-taxable purchasable product-type-simple has-manage-stock has-gallery-images\">\n\t<a href=\"https:\/\/www.multideco.cl\/index.php\/producto\/mesa-lateral-roble-blanco-33x60cm\/\" class=\"woocommerce-LoopProduct-link woocommerce-loop-product__link\">\n\t<span class=\"onsale\">\u00a1Oferta!<\/span>\n\t<img loading=\"lazy\" decoding=\"async\" width=\"420\" height=\"420\" src=\"https:\/\/www.multideco.cl\/wp-content\/uploads\/2021\/10\/1000053260-420x420.png\" class=\"attachment-woocommerce_thumbnail size-woocommerce_thumbnail\" alt=\"Mesa Lateral 33x60cm Roble\/Blanco\" srcset=\"https:\/\/www.multideco.cl\/wp-content\/uploads\/2021\/10\/1000053260-420x420.png 420w, https:\/\/www.multideco.cl\/wp-content\/uploads\/2021\/10\/1000053260-300x300.png 300w, https:\/\/www.multideco.cl\/wp-content\/uploads\/2021\/10\/1000053260-1000x1000.png 1000w, https:\/\/www.multideco.cl\/wp-content\/uploads\/2021\/10\/1000053260-150x150.png 150w, https:\/\/www.multideco.cl\/wp-content\/uploads\/2021\/10\/1000053260-768x768.png 768w, https:\/\/www.multideco.cl\/wp-content\/uploads\/2021\/10\/1000053260-1536x1536.png 1536w, https:\/\/www.multideco.cl\/wp-content\/uploads\/2021\/10\/1000053260-1140x1140.png 1140w, https:\/\/www.multideco.cl\/wp-content\/uploads\/2021\/10\/1000053260-920x920.png 920w, https:\/\/www.multideco.cl\/wp-content\/uploads\/2021\/10\/1000053260-575x575.png 575w, https:\/\/www.multideco.cl\/wp-content\/uploads\/2021\/10\/1000053260-380x380.png 380w, https:\/\/www.multideco.cl\/wp-content\/uploads\/2021\/10\/1000053260-800x800.png 800w, https:\/\/www.multideco.cl\/wp-content\/uploads\/2021\/10\/1000053260-100x100.png 100w, https:\/\/www.multideco.cl\/wp-content\/uploads\/2021\/10\/1000053260.png 2048w\" sizes=\"auto, (max-width: 420px) 100vw, 420px\" \/><h2 class=\"woocommerce-loop-product__title\">Mesa Lateral 33x60cm Roble\/Blanco<\/h2><div class=\"star-rating\" role=\"img\" aria-label=\"Valorado en 5.00 de 5\"><span style=\"width:100%\">Valorado en <strong class=\"rating\">5.00<\/strong> de 5<\/span><\/div>\n\t<span class=\"price\"><del aria-hidden=\"true\"><span class=\"woocommerce-Price-amount amount\"><bdi><span class=\"woocommerce-Price-currencySymbol\" translate=\"no\">&#36;<\/span>34.490<\/bdi><\/span><\/del> <span class=\"screen-reader-text\">El precio original era: &#036;34.490.<\/span><ins aria-hidden=\"true\"><span class=\"woocommerce-Price-amount amount\"><bdi><span class=\"woocommerce-Price-currencySymbol\" translate=\"no\">&#36;<\/span>29.900<\/bdi><\/span><\/ins><span class=\"screen-reader-text\">El precio actual es: &#036;29.900.<\/span><\/span>\n<\/a><a title=\"Agregar al carrito: &ldquo;Mesa Lateral 33x60cm Roble\/Blanco&rdquo;\" href=\"\/index.php\/wp-json\/wp\/v2\/pages\/17?add-to-cart=51\" aria-describedby=\"woocommerce_loop_add_to_cart_link_describedby_51\" data-quantity=\"1\" class=\"button product_type_simple add_to_cart_button ajax_add_to_cart\" data-product_id=\"51\" data-product_sku=\"ML101CB\" aria-label=\"Agregar al carrito: &ldquo;Mesa Lateral 33x60cm Roble\/Blanco&rdquo;\" rel=\"nofollow\" data-success_message=\"&ldquo;Mesa Lateral 33x60cm Roble\/Blanco&rdquo; se ha a\u00f1adido a tu carro\" role=\"button\">Agregar al carrito<\/a>\t<span id=\"woocommerce_loop_add_to_cart_link_describedby_51\" class=\"screen-reader-text\">\n\t\t\t<\/span>\n<\/li>\n<\/ul>\n<\/div>\t\t<\/div>\n\t\t\t\t<\/div>\n\t\t\t\t\t<\/div>\n\t\t<\/div>\n\t\t\t\t\t\t\t<\/div>\n\t\t<\/section>\n\t\t\t\t<section class=\"elementor-section elementor-top-section elementor-element elementor-element-edc75a4 elementor-section-full_width elementor-section-height-default elementor-section-height-default\" data-id=\"edc75a4\" data-element_type=\"section\">\n\t\t\t\t\t\t<div class=\"elementor-container elementor-column-gap-default\">\n\t\t\t\t\t<div class=\"elementor-column elementor-col-100 elementor-top-column elementor-element elementor-element-f0985ba\" data-id=\"f0985ba\" data-element_type=\"column\" data-settings=\"{&quot;background_background&quot;:&quot;classic&quot;}\">\n\t\t\t<div class=\"elementor-widget-wrap elementor-element-populated\">\n\t\t\t\t\t\t\t\t<div class=\"elementor-element elementor-element-ad15dee elementor-widget elementor-widget-heading\" data-id=\"ad15dee\" data-element_type=\"widget\" data-widget_type=\"heading.default\">\n\t\t\t\t<div class=\"elementor-widget-container\">\n\t\t\t<h2 class=\"elementor-heading-title elementor-size-medium\">\u00a1Descuentos Imperdibles!<\/h2>\t\t<\/div>\n\t\t\t\t<\/div>\n\t\t\t\t<div class=\"elementor-element elementor-element-0ecfeeb elementor-grid-mobile-1 elementor-grid-1 elementor-grid-tablet-3 elementor-products-grid elementor-wc-products elementor-widget elementor-widget-woocommerce-products\" data-id=\"0ecfeeb\" data-element_type=\"widget\" data-widget_type=\"woocommerce-products.default\">\n\t\t\t\t<div class=\"elementor-widget-container\">\n\t\t\t<div class=\"woocommerce columns-1 product-grid\"><ul class=\"products elementor-grid columns-1\">\n<li class=\"product type-product post-1446 status-publish first instock product_cat-repisas has-post-thumbnail sale shipping-taxable purchasable product-type-simple has-manage-stock has-gallery-images\">\n\t<a href=\"https:\/\/www.multideco.cl\/index.php\/producto\/repisa-madera-color-roble-110x35cm\/\" class=\"woocommerce-LoopProduct-link woocommerce-loop-product__link\">\n\t<span class=\"onsale\">\u00a1Oferta!<\/span>\n\t<img loading=\"lazy\" decoding=\"async\" width=\"420\" height=\"420\" src=\"https:\/\/www.multideco.cl\/wp-content\/uploads\/2024\/08\/RP100R-1--420x420.jpg\" class=\"attachment-woocommerce_thumbnail size-woocommerce_thumbnail\" alt=\"Repisa madera color Roble 110x35cm\" srcset=\"https:\/\/www.multideco.cl\/wp-content\/uploads\/2024\/08\/RP100R-1--420x420.jpg 420w, https:\/\/www.multideco.cl\/wp-content\/uploads\/2024\/08\/RP100R-1--100x100.jpg 100w, https:\/\/www.multideco.cl\/wp-content\/uploads\/2024\/08\/RP100R-1--800x800.jpg 800w, https:\/\/www.multideco.cl\/wp-content\/uploads\/2024\/08\/RP100R-1--300x300.jpg 300w, https:\/\/www.multideco.cl\/wp-content\/uploads\/2024\/08\/RP100R-1--1000x1000.jpg 1000w, https:\/\/www.multideco.cl\/wp-content\/uploads\/2024\/08\/RP100R-1--150x150.jpg 150w, https:\/\/www.multideco.cl\/wp-content\/uploads\/2024\/08\/RP100R-1--768x768.jpg 768w, https:\/\/www.multideco.cl\/wp-content\/uploads\/2024\/08\/RP100R-1-.jpg 1500w\" sizes=\"auto, (max-width: 420px) 100vw, 420px\" \/><h2 class=\"woocommerce-loop-product__title\">Repisa madera color Roble 110x35cm<\/h2>\n\t<span class=\"price\"><del aria-hidden=\"true\"><span class=\"woocommerce-Price-amount amount\"><bdi><span class=\"woocommerce-Price-currencySymbol\" translate=\"no\">&#36;<\/span>32.990<\/bdi><\/span><\/del> <span class=\"screen-reader-text\">El precio original era: &#036;32.990.<\/span><ins aria-hidden=\"true\"><span class=\"woocommerce-Price-amount amount\"><bdi><span class=\"woocommerce-Price-currencySymbol\" translate=\"no\">&#36;<\/span>29.900<\/bdi><\/span><\/ins><span class=\"screen-reader-text\">El precio actual es: &#036;29.900.<\/span><\/span>\n<\/a><a title=\"Agregar al carrito: &ldquo;Repisa madera color Roble 110x35cm&rdquo;\" href=\"\/index.php\/wp-json\/wp\/v2\/pages\/17?add-to-cart=1446\" aria-describedby=\"woocommerce_loop_add_to_cart_link_describedby_1446\" data-quantity=\"1\" class=\"button product_type_simple add_to_cart_button ajax_add_to_cart\" data-product_id=\"1446\" data-product_sku=\"RP100R\" aria-label=\"Agregar al carrito: &ldquo;Repisa madera color Roble 110x35cm&rdquo;\" rel=\"nofollow\" data-success_message=\"&ldquo;Repisa madera color Roble 110x35cm&rdquo; se ha a\u00f1adido a tu carro\" role=\"button\">Agregar al carrito<\/a>\t<span id=\"woocommerce_loop_add_to_cart_link_describedby_1446\" class=\"screen-reader-text\">\n\t\t\t<\/span>\n<\/li>\n<\/ul>\n<\/div>\t\t<\/div>\n\t\t\t\t<\/div>\n\t\t\t\t<div class=\"elementor-element elementor-element-88a2156 elementor-widget elementor-widget-heading\" data-id=\"88a2156\" data-element_type=\"widget\" data-widget_type=\"heading.default\">\n\t\t\t\t<div class=\"elementor-widget-container\">\n\t\t\t<h2 class=\"elementor-heading-title elementor-size-default\">Mesas Auxiliares<\/h2>\t\t<\/div>\n\t\t\t\t<\/div>\n\t\t\t\t<div class=\"elementor-element elementor-element-395011b elementor-grid-mobile-1 elementor-grid-4 elementor-grid-tablet-3 elementor-products-grid elementor-wc-products elementor-show-pagination-border-yes elementor-widget elementor-widget-woocommerce-products\" data-id=\"395011b\" data-element_type=\"widget\" data-widget_type=\"woocommerce-products.default\">\n\t\t\t\t<div class=\"elementor-widget-container\">\n\t\t\t<div class=\"woocommerce columns-4 product-grid\"><div class=\"woocommerce-notices-wrapper\"><\/div><div class=\"woocommerce-sorting-wrapper\"><div class=\"row\"><div class=\"col-md-6 col-6 botiga-sorting-left\"><div class=\"botiga-sorting-left-inner\"><\/div><\/div><div class=\"col-md-6 col-6 botiga-sorting-right\"><div class=\"botiga-sorting-right-inner\"><\/div><\/div><\/div><\/div><ul class=\"products elementor-grid columns-4\">\n<li class=\"product type-product post-581 status-publish first instock product_cat-mesas product_cat-mesas-auxiliares has-post-thumbnail shipping-taxable purchasable product-type-simple has-gallery-images\">\n\t<a href=\"https:\/\/www.multideco.cl\/index.php\/producto\/mesa-lateral-33x33x50cm\/\" class=\"woocommerce-LoopProduct-link woocommerce-loop-product__link\"><img loading=\"lazy\" decoding=\"async\" width=\"420\" height=\"420\" src=\"https:\/\/www.multideco.cl\/wp-content\/uploads\/2022\/07\/1000078250-420x420.png\" class=\"attachment-woocommerce_thumbnail size-woocommerce_thumbnail\" alt=\"Mesa Lateral S  33x33x50cm\" srcset=\"https:\/\/www.multideco.cl\/wp-content\/uploads\/2022\/07\/1000078250-420x420.png 420w, https:\/\/www.multideco.cl\/wp-content\/uploads\/2022\/07\/1000078250-300x300.png 300w, https:\/\/www.multideco.cl\/wp-content\/uploads\/2022\/07\/1000078250-150x150.png 150w, https:\/\/www.multideco.cl\/wp-content\/uploads\/2022\/07\/1000078250-768x768.png 768w, https:\/\/www.multideco.cl\/wp-content\/uploads\/2022\/07\/1000078250-920x920.png 920w, https:\/\/www.multideco.cl\/wp-content\/uploads\/2022\/07\/1000078250-575x575.png 575w, https:\/\/www.multideco.cl\/wp-content\/uploads\/2022\/07\/1000078250-380x380.png 380w, https:\/\/www.multideco.cl\/wp-content\/uploads\/2022\/07\/1000078250-800x800.png 800w, https:\/\/www.multideco.cl\/wp-content\/uploads\/2022\/07\/1000078250-100x100.png 100w, https:\/\/www.multideco.cl\/wp-content\/uploads\/2022\/07\/1000078250.png 1000w\" sizes=\"auto, (max-width: 420px) 100vw, 420px\" \/><h2 class=\"woocommerce-loop-product__title\">Mesa Lateral S  33x33x50cm<\/h2>\n\t<span class=\"price\"><span class=\"woocommerce-Price-amount amount\"><bdi><span class=\"woocommerce-Price-currencySymbol\" translate=\"no\">&#36;<\/span>39.990<\/bdi><\/span><\/span>\n<\/a><a title=\"Agregar al carrito: &ldquo;Mesa Lateral S  33x33x50cm&rdquo;\" href=\"\/index.php\/wp-json\/wp\/v2\/pages\/17?add-to-cart=581\" aria-describedby=\"woocommerce_loop_add_to_cart_link_describedby_581\" data-quantity=\"1\" class=\"button product_type_simple add_to_cart_button ajax_add_to_cart\" data-product_id=\"581\" data-product_sku=\"ML102S\" aria-label=\"Agregar al carrito: &ldquo;Mesa Lateral S  33x33x50cm&rdquo;\" rel=\"nofollow\" data-success_message=\"&ldquo;Mesa Lateral S  33x33x50cm&rdquo; se ha a\u00f1adido a tu carro\" role=\"button\">Agregar al carrito<\/a>\t<span id=\"woocommerce_loop_add_to_cart_link_describedby_581\" class=\"screen-reader-text\">\n\t\t\t<\/span>\n<\/li>\n<li class=\"product type-product post-699 status-publish instock product_cat-mesas product_cat-mesas-auxiliares has-post-thumbnail shipping-taxable purchasable product-type-simple has-gallery-images\">\n\t<a href=\"https:\/\/www.multideco.cl\/index.php\/producto\/mesa-lateral-33x33x70cm-cafe\/\" class=\"woocommerce-LoopProduct-link woocommerce-loop-product__link\"><img loading=\"lazy\" decoding=\"async\" width=\"420\" height=\"420\" src=\"https:\/\/www.multideco.cl\/wp-content\/uploads\/2022\/07\/mediana-1-420x420.jpg\" class=\"attachment-woocommerce_thumbnail size-woocommerce_thumbnail\" alt=\"Mesa Lateral M 33x33x70cm\" srcset=\"https:\/\/www.multideco.cl\/wp-content\/uploads\/2022\/07\/mediana-1-420x420.jpg 420w, https:\/\/www.multideco.cl\/wp-content\/uploads\/2022\/07\/mediana-1-100x100.jpg 100w, https:\/\/www.multideco.cl\/wp-content\/uploads\/2022\/07\/mediana-1-800x800.jpg 800w, https:\/\/www.multideco.cl\/wp-content\/uploads\/2022\/07\/mediana-1-300x300.jpg 300w, https:\/\/www.multideco.cl\/wp-content\/uploads\/2022\/07\/mediana-1-1000x1000.jpg 1000w, https:\/\/www.multideco.cl\/wp-content\/uploads\/2022\/07\/mediana-1-150x150.jpg 150w, https:\/\/www.multideco.cl\/wp-content\/uploads\/2022\/07\/mediana-1-768x768.jpg 768w, https:\/\/www.multideco.cl\/wp-content\/uploads\/2022\/07\/mediana-1.jpg 1500w\" sizes=\"auto, (max-width: 420px) 100vw, 420px\" \/><h2 class=\"woocommerce-loop-product__title\">Mesa Lateral M 33x33x70cm<\/h2>\n\t<span class=\"price\"><span class=\"woocommerce-Price-amount amount\"><bdi><span class=\"woocommerce-Price-currencySymbol\" translate=\"no\">&#36;<\/span>59.990<\/bdi><\/span><\/span>\n<\/a><a title=\"Agregar al carrito: &ldquo;Mesa Lateral M 33x33x70cm&rdquo;\" href=\"\/index.php\/wp-json\/wp\/v2\/pages\/17?add-to-cart=699\" aria-describedby=\"woocommerce_loop_add_to_cart_link_describedby_699\" data-quantity=\"1\" class=\"button product_type_simple add_to_cart_button ajax_add_to_cart\" data-product_id=\"699\" data-product_sku=\"ML102M\" aria-label=\"Agregar al carrito: &ldquo;Mesa Lateral M 33x33x70cm&rdquo;\" rel=\"nofollow\" data-success_message=\"&ldquo;Mesa Lateral M 33x33x70cm&rdquo; se ha a\u00f1adido a tu carro\" role=\"button\">Agregar al carrito<\/a>\t<span id=\"woocommerce_loop_add_to_cart_link_describedby_699\" class=\"screen-reader-text\">\n\t\t\t<\/span>\n<\/li>\n<li class=\"product type-product post-704 status-publish instock product_cat-mesas product_cat-mesas-auxiliares has-post-thumbnail sale shipping-taxable purchasable product-type-simple has-gallery-images\">\n\t<a href=\"https:\/\/www.multideco.cl\/index.php\/producto\/mesa-lateral-cafe-33x33x90cm\/\" class=\"woocommerce-LoopProduct-link woocommerce-loop-product__link\">\n\t<span class=\"onsale\">\u00a1Oferta!<\/span>\n\t<img loading=\"lazy\" decoding=\"async\" width=\"420\" height=\"420\" src=\"https:\/\/www.multideco.cl\/wp-content\/uploads\/2022\/07\/grande-1-420x420.jpg\" class=\"attachment-woocommerce_thumbnail size-woocommerce_thumbnail\" alt=\"Mesa Lateral L 33x33x90cm\" srcset=\"https:\/\/www.multideco.cl\/wp-content\/uploads\/2022\/07\/grande-1-420x420.jpg 420w, https:\/\/www.multideco.cl\/wp-content\/uploads\/2022\/07\/grande-1-100x100.jpg 100w, https:\/\/www.multideco.cl\/wp-content\/uploads\/2022\/07\/grande-1-800x800.jpg 800w, https:\/\/www.multideco.cl\/wp-content\/uploads\/2022\/07\/grande-1-300x300.jpg 300w, https:\/\/www.multideco.cl\/wp-content\/uploads\/2022\/07\/grande-1-1000x1000.jpg 1000w, https:\/\/www.multideco.cl\/wp-content\/uploads\/2022\/07\/grande-1-150x150.jpg 150w, https:\/\/www.multideco.cl\/wp-content\/uploads\/2022\/07\/grande-1-768x768.jpg 768w, https:\/\/www.multideco.cl\/wp-content\/uploads\/2022\/07\/grande-1.jpg 1500w\" sizes=\"auto, (max-width: 420px) 100vw, 420px\" \/><h2 class=\"woocommerce-loop-product__title\">Mesa Lateral L 33x33x90cm<\/h2>\n\t<span class=\"price\"><del aria-hidden=\"true\"><span class=\"woocommerce-Price-amount amount\"><bdi><span class=\"woocommerce-Price-currencySymbol\" translate=\"no\">&#36;<\/span>68.990<\/bdi><\/span><\/del> <span class=\"screen-reader-text\">El precio original era: &#036;68.990.<\/span><ins aria-hidden=\"true\"><span class=\"woocommerce-Price-amount amount\"><bdi><span class=\"woocommerce-Price-currencySymbol\" translate=\"no\">&#36;<\/span>59.990<\/bdi><\/span><\/ins><span class=\"screen-reader-text\">El precio actual es: &#036;59.990.<\/span><\/span>\n<\/a><a title=\"Agregar al carrito: &ldquo;Mesa Lateral L 33x33x90cm&rdquo;\" href=\"\/index.php\/wp-json\/wp\/v2\/pages\/17?add-to-cart=704\" aria-describedby=\"woocommerce_loop_add_to_cart_link_describedby_704\" data-quantity=\"1\" class=\"button product_type_simple add_to_cart_button ajax_add_to_cart\" data-product_id=\"704\" data-product_sku=\"ML102L\" aria-label=\"Agregar al carrito: &ldquo;Mesa Lateral L 33x33x90cm&rdquo;\" rel=\"nofollow\" data-success_message=\"&ldquo;Mesa Lateral L 33x33x90cm&rdquo; se ha a\u00f1adido a tu carro\" role=\"button\">Agregar al carrito<\/a>\t<span id=\"woocommerce_loop_add_to_cart_link_describedby_704\" class=\"screen-reader-text\">\n\t\t\t<\/span>\n<\/li>\n<li class=\"product type-product post-1452 status-publish last instock product_cat-mesas product_cat-mesas-auxiliares has-post-thumbnail shipping-taxable purchasable product-type-simple has-manage-stock has-only-one-instock has-gallery-images\">\n\t<a href=\"https:\/\/www.multideco.cl\/index.php\/producto\/mesa-lateral-esquina-46x60-cm-natural\/\" class=\"woocommerce-LoopProduct-link woocommerce-loop-product__link\"><img loading=\"lazy\" decoding=\"async\" width=\"420\" height=\"420\" src=\"https:\/\/www.multideco.cl\/wp-content\/uploads\/2024\/01\/1000089102-420x420.jpg\" class=\"attachment-woocommerce_thumbnail size-woocommerce_thumbnail\" alt=\"Mesa Lateral Esquina 46x60 cm Natural\" srcset=\"https:\/\/www.multideco.cl\/wp-content\/uploads\/2024\/01\/1000089102-420x420.jpg 420w, https:\/\/www.multideco.cl\/wp-content\/uploads\/2024\/01\/1000089102-300x300.jpg 300w, https:\/\/www.multideco.cl\/wp-content\/uploads\/2024\/01\/1000089102-1000x1000.jpg 1000w, https:\/\/www.multideco.cl\/wp-content\/uploads\/2024\/01\/1000089102-150x150.jpg 150w, https:\/\/www.multideco.cl\/wp-content\/uploads\/2024\/01\/1000089102-768x768.jpg 768w, https:\/\/www.multideco.cl\/wp-content\/uploads\/2024\/01\/1000089102-1140x1140.jpg 1140w, https:\/\/www.multideco.cl\/wp-content\/uploads\/2024\/01\/1000089102-920x920.jpg 920w, https:\/\/www.multideco.cl\/wp-content\/uploads\/2024\/01\/1000089102-575x575.jpg 575w, https:\/\/www.multideco.cl\/wp-content\/uploads\/2024\/01\/1000089102-380x380.jpg 380w, https:\/\/www.multideco.cl\/wp-content\/uploads\/2024\/01\/1000089102-800x800.jpg 800w, https:\/\/www.multideco.cl\/wp-content\/uploads\/2024\/01\/1000089102-100x100.jpg 100w, https:\/\/www.multideco.cl\/wp-content\/uploads\/2024\/01\/1000089102.jpg 1512w\" sizes=\"auto, (max-width: 420px) 100vw, 420px\" \/><h2 class=\"woocommerce-loop-product__title\">Mesa Lateral Esquina 46&#215;60 cm Natural<\/h2>\n\t<span class=\"price\"><span class=\"woocommerce-Price-amount amount\"><bdi><span class=\"woocommerce-Price-currencySymbol\" translate=\"no\">&#36;<\/span>29.900<\/bdi><\/span><\/span>\n<\/a><a title=\"Agregar al carrito: &ldquo;Mesa Lateral Esquina 46x60 cm Natural&rdquo;\" href=\"\/index.php\/wp-json\/wp\/v2\/pages\/17?add-to-cart=1452\" aria-describedby=\"woocommerce_loop_add_to_cart_link_describedby_1452\" data-quantity=\"1\" class=\"button product_type_simple add_to_cart_button ajax_add_to_cart\" data-product_id=\"1452\" data-product_sku=\"ML103-N\" aria-label=\"Agregar al carrito: &ldquo;Mesa Lateral Esquina 46x60 cm Natural&rdquo;\" rel=\"nofollow\" data-success_message=\"&ldquo;Mesa Lateral Esquina 46x60 cm Natural&rdquo; se ha a\u00f1adido a tu carro\" role=\"button\">Agregar al carrito<\/a>\t<span id=\"woocommerce_loop_add_to_cart_link_describedby_1452\" class=\"screen-reader-text\">\n\t\t\t<\/span>\n<\/li>\n<\/ul>\n<nav class=\"woocommerce-pagination\" aria-label=\"Paginaci\u00f3n de producto\">\n\t<ul class='page-numbers'>\n\t<li><span aria-label=\"P\u00e1gina 1\" aria-current=\"page\" class=\"page-numbers current\">1<\/span><\/li>\n\t<li><a aria-label=\"P\u00e1gina 2\" class=\"page-numbers\" href=\"\/index.php\/wp-json\/wp\/v2\/pages\/17?product-page=2\">2<\/a><\/li>\n\t<li><a class=\"next page-numbers\" href=\"\/index.php\/wp-json\/wp\/v2\/pages\/17?product-page=2\">&rarr;<\/a><\/li>\n<\/ul>\n<\/nav>\n<\/div>\t\t<\/div>\n\t\t\t\t<\/div>\n\t\t\t\t<div class=\"elementor-element elementor-element-f8d648d elementor-widget elementor-widget-heading\" data-id=\"f8d648d\" data-element_type=\"widget\" data-widget_type=\"heading.default\">\n\t\t\t\t<div class=\"elementor-widget-container\">\n\t\t\t<h2 class=\"elementor-heading-title elementor-size-default\">Repisas<\/h2>\t\t<\/div>\n\t\t\t\t<\/div>\n\t\t\t\t<div class=\"elementor-element elementor-element-8f6dff6 elementor-grid-mobile-1 elementor-grid-4 elementor-grid-tablet-3 elementor-products-grid elementor-wc-products elementor-widget elementor-widget-woocommerce-products\" data-id=\"8f6dff6\" data-element_type=\"widget\" data-widget_type=\"woocommerce-products.default\">\n\t\t\t\t<div class=\"elementor-widget-container\">\n\t\t\t<div class=\"woocommerce columns-4 product-grid\"><ul class=\"products elementor-grid columns-4\">\n<li class=\"product type-product post-1446 status-publish first instock product_cat-repisas has-post-thumbnail sale shipping-taxable purchasable product-type-simple has-manage-stock has-gallery-images\">\n\t<a href=\"https:\/\/www.multideco.cl\/index.php\/producto\/repisa-madera-color-roble-110x35cm\/\" class=\"woocommerce-LoopProduct-link woocommerce-loop-product__link\">\n\t<span class=\"onsale\">\u00a1Oferta!<\/span>\n\t<img loading=\"lazy\" decoding=\"async\" width=\"420\" height=\"420\" src=\"https:\/\/www.multideco.cl\/wp-content\/uploads\/2024\/08\/RP100R-1--420x420.jpg\" class=\"attachment-woocommerce_thumbnail size-woocommerce_thumbnail\" alt=\"Repisa madera color Roble 110x35cm\" srcset=\"https:\/\/www.multideco.cl\/wp-content\/uploads\/2024\/08\/RP100R-1--420x420.jpg 420w, https:\/\/www.multideco.cl\/wp-content\/uploads\/2024\/08\/RP100R-1--100x100.jpg 100w, https:\/\/www.multideco.cl\/wp-content\/uploads\/2024\/08\/RP100R-1--800x800.jpg 800w, https:\/\/www.multideco.cl\/wp-content\/uploads\/2024\/08\/RP100R-1--300x300.jpg 300w, https:\/\/www.multideco.cl\/wp-content\/uploads\/2024\/08\/RP100R-1--1000x1000.jpg 1000w, https:\/\/www.multideco.cl\/wp-content\/uploads\/2024\/08\/RP100R-1--150x150.jpg 150w, https:\/\/www.multideco.cl\/wp-content\/uploads\/2024\/08\/RP100R-1--768x768.jpg 768w, https:\/\/www.multideco.cl\/wp-content\/uploads\/2024\/08\/RP100R-1-.jpg 1500w\" sizes=\"auto, (max-width: 420px) 100vw, 420px\" \/><h2 class=\"woocommerce-loop-product__title\">Repisa madera color Roble 110x35cm<\/h2>\n\t<span class=\"price\"><del aria-hidden=\"true\"><span class=\"woocommerce-Price-amount amount\"><bdi><span class=\"woocommerce-Price-currencySymbol\" translate=\"no\">&#36;<\/span>32.990<\/bdi><\/span><\/del> <span class=\"screen-reader-text\">El precio original era: &#036;32.990.<\/span><ins aria-hidden=\"true\"><span class=\"woocommerce-Price-amount amount\"><bdi><span class=\"woocommerce-Price-currencySymbol\" translate=\"no\">&#36;<\/span>29.900<\/bdi><\/span><\/ins><span class=\"screen-reader-text\">El precio actual es: &#036;29.900.<\/span><\/span>\n<\/a><a title=\"Agregar al carrito: &ldquo;Repisa madera color Roble 110x35cm&rdquo;\" href=\"\/index.php\/wp-json\/wp\/v2\/pages\/17?add-to-cart=1446\" aria-describedby=\"woocommerce_loop_add_to_cart_link_describedby_1446\" data-quantity=\"1\" class=\"button product_type_simple add_to_cart_button ajax_add_to_cart\" data-product_id=\"1446\" data-product_sku=\"RP100R\" aria-label=\"Agregar al carrito: &ldquo;Repisa madera color Roble 110x35cm&rdquo;\" rel=\"nofollow\" data-success_message=\"&ldquo;Repisa madera color Roble 110x35cm&rdquo; se ha a\u00f1adido a tu carro\" role=\"button\">Agregar al carrito<\/a>\t<span id=\"woocommerce_loop_add_to_cart_link_describedby_1446\" class=\"screen-reader-text\">\n\t\t\t<\/span>\n<\/li>\n<li class=\"product type-product post-53 status-publish outofstock product_cat-repisas has-post-thumbnail shipping-taxable purchasable product-type-simple has-gallery-images\">\n\t<a href=\"https:\/\/www.multideco.cl\/index.php\/producto\/repisa-color-roble-18x60-cm\/\" class=\"woocommerce-LoopProduct-link woocommerce-loop-product__link\"><img loading=\"lazy\" decoding=\"async\" width=\"420\" height=\"420\" src=\"https:\/\/www.multideco.cl\/wp-content\/uploads\/2021\/10\/repisa-1-scaled-e1634523390205-420x420.jpg\" class=\"attachment-woocommerce_thumbnail size-woocommerce_thumbnail\" alt=\"Repisa color Roble 20x60cm 2 unidades\" srcset=\"https:\/\/www.multideco.cl\/wp-content\/uploads\/2021\/10\/repisa-1-scaled-e1634523390205-420x420.jpg 420w, https:\/\/www.multideco.cl\/wp-content\/uploads\/2021\/10\/repisa-1-scaled-e1634523390205-100x100.jpg 100w, https:\/\/www.multideco.cl\/wp-content\/uploads\/2021\/10\/repisa-1-scaled-e1634523390205-800x800.jpg 800w, https:\/\/www.multideco.cl\/wp-content\/uploads\/2021\/10\/repisa-1-scaled-e1634523390205-300x300.jpg 300w, https:\/\/www.multideco.cl\/wp-content\/uploads\/2021\/10\/repisa-1-scaled-e1634523390205-600x600.jpg 600w, https:\/\/www.multideco.cl\/wp-content\/uploads\/2021\/10\/repisa-1-scaled-e1634523390205.jpg 1000w\" sizes=\"auto, (max-width: 420px) 100vw, 420px\" \/><h2 class=\"woocommerce-loop-product__title\">Repisa color Roble 20x60cm 2 unidades<\/h2>\n\t<span class=\"price\"><span class=\"woocommerce-Price-amount amount\"><bdi><span class=\"woocommerce-Price-currencySymbol\" translate=\"no\">&#36;<\/span>25.990<\/bdi><\/span><\/span>\n<\/a><a title=\"Lee m\u00e1s sobre &ldquo;Repisa color Roble 20x60cm 2 unidades&rdquo;\" href=\"https:\/\/www.multideco.cl\/index.php\/producto\/repisa-color-roble-18x60-cm\/\" aria-describedby=\"woocommerce_loop_add_to_cart_link_describedby_53\" data-quantity=\"1\" class=\"button product_type_simple\" data-product_id=\"53\" data-product_sku=\"\" aria-label=\"Lee m\u00e1s sobre &ldquo;Repisa color Roble 20x60cm 2 unidades&rdquo;\" rel=\"nofollow\" data-success_message=\"\">Leer m\u00e1s<\/a>\t<span id=\"woocommerce_loop_add_to_cart_link_describedby_53\" class=\"screen-reader-text\">\n\t\t\t<\/span>\n<\/li>\n<\/ul>\n<\/div>\t\t<\/div>\n\t\t\t\t<\/div>\n\t\t\t\t<div class=\"elementor-element elementor-element-c6a7ccb elementor-widget elementor-widget-heading\" data-id=\"c6a7ccb\" data-element_type=\"widget\" data-widget_type=\"heading.default\">\n\t\t\t\t<div class=\"elementor-widget-container\">\n\t\t\t<h2 class=\"elementor-heading-title elementor-size-default\">Percheros<\/h2>\t\t<\/div>\n\t\t\t\t<\/div>\n\t\t\t\t<div class=\"elementor-element elementor-element-adff921 elementor-grid-mobile-1 elementor-grid-4 elementor-grid-tablet-3 elementor-products-grid elementor-wc-products elementor-show-pagination-border-yes elementor-widget elementor-widget-woocommerce-products\" data-id=\"adff921\" data-element_type=\"widget\" data-widget_type=\"woocommerce-products.default\">\n\t\t\t\t<div class=\"elementor-widget-container\">\n\t\t\t<div class=\"woocommerce columns-4 product-grid\"><div class=\"woocommerce-notices-wrapper\"><\/div><div class=\"woocommerce-sorting-wrapper\"><div class=\"row\"><div class=\"col-md-6 col-6 botiga-sorting-left\"><div class=\"botiga-sorting-left-inner\"><\/div><\/div><div class=\"col-md-6 col-6 botiga-sorting-right\"><div class=\"botiga-sorting-right-inner\"><\/div><\/div><\/div><\/div><ul class=\"products elementor-grid columns-4\">\n<li class=\"product type-product post-119 status-publish first outofstock product_cat-percheros has-post-thumbnail shipping-taxable purchasable product-type-simple has-gallery-images\">\n\t<a href=\"https:\/\/www.multideco.cl\/index.php\/producto\/perchero-de-pie-color-roble\/\" class=\"woocommerce-LoopProduct-link woocommerce-loop-product__link\"><img loading=\"lazy\" decoding=\"async\" width=\"420\" height=\"420\" src=\"https:\/\/www.multideco.cl\/wp-content\/uploads\/2021\/10\/perchero-de-pie-5-420x420.jpg\" class=\"attachment-woocommerce_thumbnail size-woocommerce_thumbnail\" alt=\"Perchero de Pie color Roble.\" srcset=\"https:\/\/www.multideco.cl\/wp-content\/uploads\/2021\/10\/perchero-de-pie-5-420x420.jpg 420w, https:\/\/www.multideco.cl\/wp-content\/uploads\/2021\/10\/perchero-de-pie-5-100x100.jpg 100w, https:\/\/www.multideco.cl\/wp-content\/uploads\/2021\/10\/perchero-de-pie-5-800x800.jpg 800w, https:\/\/www.multideco.cl\/wp-content\/uploads\/2021\/10\/perchero-de-pie-5-300x300.jpg 300w, https:\/\/www.multideco.cl\/wp-content\/uploads\/2021\/10\/perchero-de-pie-5-1000x1000.jpg 1000w, https:\/\/www.multideco.cl\/wp-content\/uploads\/2021\/10\/perchero-de-pie-5-150x150.jpg 150w, https:\/\/www.multideco.cl\/wp-content\/uploads\/2021\/10\/perchero-de-pie-5-768x768.jpg 768w, https:\/\/www.multideco.cl\/wp-content\/uploads\/2021\/10\/perchero-de-pie-5.jpg 1500w\" sizes=\"auto, (max-width: 420px) 100vw, 420px\" \/><h2 class=\"woocommerce-loop-product__title\">Perchero de Pie color Roble.<\/h2><div class=\"star-rating\" role=\"img\" aria-label=\"Valorado en 5.00 de 5\"><span style=\"width:100%\">Valorado en <strong class=\"rating\">5.00<\/strong> de 5<\/span><\/div>\n\t<span class=\"price\"><span class=\"woocommerce-Price-amount amount\"><bdi><span class=\"woocommerce-Price-currencySymbol\" translate=\"no\">&#36;<\/span>42.900<\/bdi><\/span><\/span>\n<\/a><a title=\"Lee m\u00e1s sobre &ldquo;Perchero de Pie color Roble.&rdquo;\" href=\"https:\/\/www.multideco.cl\/index.php\/producto\/perchero-de-pie-color-roble\/\" aria-describedby=\"woocommerce_loop_add_to_cart_link_describedby_119\" data-quantity=\"1\" class=\"button product_type_simple\" data-product_id=\"119\" data-product_sku=\"\" aria-label=\"Lee m\u00e1s sobre &ldquo;Perchero de Pie color Roble.&rdquo;\" rel=\"nofollow\" data-success_message=\"\">Leer m\u00e1s<\/a>\t<span id=\"woocommerce_loop_add_to_cart_link_describedby_119\" class=\"screen-reader-text\">\n\t\t\t<\/span>\n<\/li>\n<\/ul>\n<\/div>\t\t<\/div>\n\t\t\t\t<\/div>\n\t\t\t\t<div class=\"elementor-element elementor-element-aa09e38 elementor-widget-divider--view-line elementor-widget elementor-widget-divider\" data-id=\"aa09e38\" data-element_type=\"widget\" data-widget_type=\"divider.default\">\n\t\t\t\t<div class=\"elementor-widget-container\">\n\t\t\t<style>\/*! elementor - v3.5.5 - 03-02-2022 *\/\n.elementor-widget-divider{--divider-border-style:none;--divider-border-width:1px;--divider-color:#2c2c2c;--divider-icon-size:20px;--divider-element-spacing:10px;--divider-pattern-height:24px;--divider-pattern-size:20px;--divider-pattern-url:none;--divider-pattern-repeat:repeat-x}.elementor-widget-divider .elementor-divider{display:-webkit-box;display:-ms-flexbox;display:flex}.elementor-widget-divider .elementor-divider__text{font-size:15px;line-height:1;max-width:95%}.elementor-widget-divider .elementor-divider__element{margin:0 var(--divider-element-spacing);-ms-flex-negative:0;flex-shrink:0}.elementor-widget-divider .elementor-icon{font-size:var(--divider-icon-size)}.elementor-widget-divider .elementor-divider-separator{display:-webkit-box;display:-ms-flexbox;display:flex;margin:0;direction:ltr}.elementor-widget-divider--view-line_icon .elementor-divider-separator,.elementor-widget-divider--view-line_text .elementor-divider-separator{-webkit-box-align:center;-ms-flex-align:center;align-items:center}.elementor-widget-divider--view-line_icon .elementor-divider-separator:after,.elementor-widget-divider--view-line_icon .elementor-divider-separator:before,.elementor-widget-divider--view-line_text .elementor-divider-separator:after,.elementor-widget-divider--view-line_text .elementor-divider-separator:before{display:block;content:\"\";border-bottom:0;-webkit-box-flex:1;-ms-flex-positive:1;flex-grow:1;border-top:var(--divider-border-width) var(--divider-border-style) var(--divider-color)}.elementor-widget-divider--element-align-left .elementor-divider .elementor-divider-separator>.elementor-divider__svg:first-of-type{-webkit-box-flex:0;-ms-flex-positive:0;flex-grow:0;-ms-flex-negative:100;flex-shrink:100}.elementor-widget-divider--element-align-left .elementor-divider-separator:before{content:none}.elementor-widget-divider--element-align-left .elementor-divider__element{margin-left:0}.elementor-widget-divider--element-align-right .elementor-divider .elementor-divider-separator>.elementor-divider__svg:last-of-type{-webkit-box-flex:0;-ms-flex-positive:0;flex-grow:0;-ms-flex-negative:100;flex-shrink:100}.elementor-widget-divider--element-align-right .elementor-divider-separator:after{content:none}.elementor-widget-divider--element-align-right .elementor-divider__element{margin-right:0}.elementor-widget-divider:not(.elementor-widget-divider--view-line_text):not(.elementor-widget-divider--view-line_icon) .elementor-divider-separator{border-top:var(--divider-border-width) var(--divider-border-style) var(--divider-color)}.elementor-widget-divider--separator-type-pattern{--divider-border-style:none}.elementor-widget-divider--separator-type-pattern.elementor-widget-divider--view-line .elementor-divider-separator,.elementor-widget-divider--separator-type-pattern:not(.elementor-widget-divider--view-line) .elementor-divider-separator:after,.elementor-widget-divider--separator-type-pattern:not(.elementor-widget-divider--view-line) .elementor-divider-separator:before,.elementor-widget-divider--separator-type-pattern:not([class*=elementor-widget-divider--view]) .elementor-divider-separator{width:100%;min-height:var(--divider-pattern-height);-webkit-mask-size:var(--divider-pattern-size) 100%;mask-size:var(--divider-pattern-size) 100%;-webkit-mask-repeat:var(--divider-pattern-repeat);mask-repeat:var(--divider-pattern-repeat);background-color:var(--divider-color);-webkit-mask-image:var(--divider-pattern-url);mask-image:var(--divider-pattern-url)}.elementor-widget-divider--no-spacing{--divider-pattern-size:auto}.elementor-widget-divider--bg-round{--divider-pattern-repeat:round}.rtl .elementor-widget-divider .elementor-divider__text{direction:rtl}<\/style>\t\t<div class=\"elementor-divider\">\n\t\t\t<span class=\"elementor-divider-separator\">\n\t\t\t\t\t\t<\/span>\n\t\t<\/div>\n\t\t\t\t<\/div>\n\t\t\t\t<\/div>\n\t\t\t\t\t<\/div>\n\t\t<\/div>\n\t\t\t\t\t\t\t<\/div>\n\t\t<\/section>\n\t\t\t\t\t\t<\/div>\n\t\t\t\t\t<\/div>\n\t\t","protected":false},"excerpt":{"rendered":"<p>Previous Next \u00bfPor qu\u00e9 elegirnos? Compromiso con la calidad en cada detalle Env\u00edo a todo ChileDespachos r\u00e1pidos y asegurados. Materiales NoblesMadera seleccionada y acabados a mano. Dise\u00f1o Funcional Medidas pensadas [&hellip;]<\/p>\n","protected":false},"author":1,"featured_media":0,"parent":0,"menu_order":0,"comment_status":"closed","ping_status":"closed","template":"elementor_header_footer","meta":{"footnotes":""},"class_list":["post-17","page","type-page","status-publish","hentry"],"jetpack-related-posts":[],"jetpack_sharing_enabled":true,"_links":{"self":[{"href":"https:\/\/www.multideco.cl\/index.php\/wp-json\/wp\/v2\/pages\/17","targetHints":{"allow":["GET"]}}],"collection":[{"href":"https:\/\/www.multideco.cl\/index.php\/wp-json\/wp\/v2\/pages"}],"about":[{"href":"https:\/\/www.multideco.cl\/index.php\/wp-json\/wp\/v2\/types\/page"}],"author":[{"embeddable":true,"href":"https:\/\/www.multideco.cl\/index.php\/wp-json\/wp\/v2\/users\/1"}],"replies":[{"embeddable":true,"href":"https:\/\/www.multideco.cl\/index.php\/wp-json\/wp\/v2\/comments?post=17"}],"version-history":[{"count":530,"href":"https:\/\/www.multideco.cl\/index.php\/wp-json\/wp\/v2\/pages\/17\/revisions"}],"predecessor-version":[{"id":2058,"href":"https:\/\/www.multideco.cl\/index.php\/wp-json\/wp\/v2\/pages\/17\/revisions\/2058"}],"wp:attachment":[{"href":"https:\/\/www.multideco.cl\/index.php\/wp-json\/wp\/v2\/media?parent=17"}],"curies":[{"name":"wp","href":"https:\/\/api.w.org\/{rel}","templated":true}]}}